{"id":95349,"date":"2025-05-19T12:15:54","date_gmt":"2025-05-19T15:15:54","guid":{"rendered":"https:\/\/patagoniambiental.com.ar\/info\/?post_type=at_biz_dir&#038;p=95349"},"modified":"2025-05-19T12:16:04","modified_gmt":"2025-05-19T15:16:04","slug":"asociacion-civil-p-a-m-vi-perros-abandonados-y-maltratados-de-viedma","status":"publish","type":"at_biz_dir","link":"https:\/\/patagoniambiental.com.ar\/info\/directory\/asociacion-civil-p-a-m-vi-perros-abandonados-y-maltratados-de-viedma\/","title":{"rendered":"Asociaci\u00f3n Civ\u00edl P.A.M.Vi (Perros Abandonados y Maltratados de Viedma)"},"content":{"rendered":"<p><a class=\"x1i10hfl xjbqb8w x1ejq31n xd10rxx x1sy0etr x17r0tee x972fbf xcfux6l x1qhh985 xm0m39n x9f619 x1ypdohk xt0psk2 xe8uvvx xdj266r x11i5rnm xat24cr x1mh8g0r xexx8yu x4uap5 x18d9i69 xkhd6sd x16tdsg8 x1hl2dhg xggy1nq x1a2a7pz xkrqix3 x1sur9pj x1fey0fg x1s688f\" tabindex=\"0\" role=\"link\" href=\"http:\/\/p.a.m.vi\/?fbclid=IwZXh0bgNhZW0CMTAAYnJpZBExNjlUa245Q0NqVE02cjVUNgEeXLJkw0WvQyHtxEFmqNEb0dnXZG6ucHTdasGrhjaW0-1_SEVMYVrJV_AXPeM_aem_APx5OhcIFMOe0hHgQE2Nag\" target=\"_blank\" rel=\"nofollow noopener noreferrer\">P.A.M.Vi.<\/a> Es una Asociaci\u00f3n Civil sin fines de lucro, con Personer\u00eda Jur\u00eddica n\u00ba 3132\/14, creada el 30\/06\/14. Nuestro objetivo principal es llevar a cabo distintas acciones necesarias y prioritarias,destinadas al bienestar de los animales de compa\u00f1\u00eda, Y que son los pilares b\u00e1sicos de ejecuci\u00f3n para su protecci\u00f3n, salud y plenitud. Somos participes impulsores de la Ordenanza de la PROHIBICION DE LA PIROTECNIA RUIDOSA. Y PROHIBICION DE LA LEY NACIONAL DE CARRERA DE PERROS.<\/p>\n<p>Estas acciones comprenden:<\/p>\n<ul>\n<li>Concientizaci\u00f3n: Difusi\u00f3n sobre Tenencia Responsable de mascotas a trav\u00e9s de folleter\u00eda, charlas en centros educativos, con los vecinos, en medios de comunicaci\u00f3n, a trav\u00e9s de nuestra p\u00e1gina, en nuestras ferias, etc., elaboraci\u00f3n de proyectos educativos.<\/li>\n<li>Esterilizaci\u00f3n: Tanto de animales en situaci\u00f3n de calle como de todas las mascotas que entregamos en adopci\u00f3n, garantizando as\u00ed la disminuci\u00f3n de la sobrepoblaci\u00f3n.<\/li>\n<li>Inclusi\u00f3n y Compromiso: Hacer cumplir, asesorar, modificar, promover y difundir Leyes Ordenanzas y Proyectos, tendientes al bienestar animal, trabajando en conjunto con Autoridades de Gobierno Municipal Provincial y Nacional.<\/li>\n<li>Hacer part\u00edcipe a la Sociedad de las actividades tendientes al bienestar animal: ayudando y apoyando en rescates, adopciones, castraciones, tenencia responsable y denuncias por maltrato, etc., bajo el concepto de solidaridad y compromiso con esta problem\u00e1tica de la cual debemos ser todos responsables como sociedad, y como forma de convivencia ciudadana ordenada, segura y saludable.<\/li>\n<\/ul>\n","protected":false},"author":8,"comment_status":"closed","ping_status":"closed","template":"","meta":{"site-sidebar-layout":"default","site-content-layout":"","ast-site-content-layout":"default","site-content-style":"default","site-sidebar-style":"default","ast-global-header-display":"","ast-banner-title-visibility":"","ast-main-header-display":"","ast-hfb-above-header-display":"","ast-hfb-below-header-display":"","ast-hfb-mobile-header-display":"","site-post-title":"","ast-breadcrumbs-content":"","ast-featured-img":"","footer-sml-layout":"","ast-disable-related-posts":"","theme-transparent-header-meta":"","adv-header-id-meta":"","stick-header-meta":"","header-above-stick-meta":"","header-main-stick-meta":"","header-below-stick-meta":"","astra-migrate-meta-layouts":"default","ast-page-background-enabled":"default","ast-page-background-meta":{"desktop":{"background-color":"var(--ast-global-color-5)","background-image":"","background-repeat":"repeat","background-position":"center center","background-size":"auto","background-attachment":"scroll","background-type":"","background-media":"","overlay-type":"","overlay-color":"","overlay-opacity":"","overlay-gradient":""},"tablet":{"background-color":"","background-image":"","background-repeat":"repeat","background-position":"center center","background-size":"auto","background-attachment":"scroll","background-type":"","background-media":"","overlay-type":"","overlay-color":"","overlay-opacity":"","overlay-gradient":""},"mobile":{"background-color":"","background-image":"","background-repeat":"repeat","background-position":"center center","background-size":"auto","background-attachment":"scroll","background-type":"","background-media":"","overlay-type":"","overlay-color":"","overlay-opacity":"","overlay-gradient":""}},"ast-content-background-meta":{"desktop":{"background-color":"var(--ast-global-color-4)","background-image":"","background-repeat":"repeat","background-position":"center center","background-size":"auto","background-attachment":"scroll","background-type":"","background-media":"","overlay-type":"","overlay-color":"","overlay-opacity":"","overlay-gradient":""},"tablet":{"background-color":"var(--ast-global-color-4)","background-image":"","background-repeat":"repeat","background-position":"center center","background-size":"auto","background-attachment":"scroll","background-type":"","background-media":"","overlay-type":"","overlay-color":"","overlay-opacity":"","overlay-gradient":""},"mobile":{"background-color":"var(--ast-global-color-4)","background-image":"","background-repeat":"repeat","background-position":"center center","background-size":"auto","background-attachment":"scroll","background-type":"","background-media":"","overlay-type":"","overlay-color":"","overlay-opacity":"","overlay-gradient":""}}},"atbdp_listing_types":[3405],"at_biz_dir-category":[3427],"at_biz_dir-location":[3428],"at_biz_dir-tags":[3433],"class_list":["post-95349","at_biz_dir","type-at_biz_dir","status-publish","has-post-thumbnail","hentry","atbdp_listing_types-business","at_biz_dir-category-ong-ambientales","at_biz_dir-location-viedma","at_biz_dir-tags-ong"],"yoast_head":"<!-- This site is optimized with the Yoast SEO Premium plugin v23.0 (Yoast SEO v27.4) - https:\/\/yoast.com\/product\/yoast-seo-premium-wordpress\/ -->\n<title>Asociaci\u00f3n Civ\u00edl P.A.M.Vi (Perros Abandonados y Maltratados de Viedma) - Patagonia Ambiental<\/title>\n<meta name=\"robots\" content=\"index, follow, max-snippet:-1, max-image-preview:large, max-video-preview:-1\" \/>\n<link rel=\"canonical\" href=\"https:\/\/patagoniambiental.com.ar\/info\/directory\/asociacion-civil-p-a-m-vi-perros-abandonados-y-maltratados-de-viedma\/\" \/>\n<meta property=\"og:locale\" content=\"es_ES\" \/>\n<meta property=\"og:type\" content=\"article\" \/>\n<meta property=\"og:title\" content=\"Asociaci\u00f3n Civ\u00edl P.A.M.Vi (Perros Abandonados y Maltratados de Viedma)\" \/>\n<meta property=\"og:description\" content=\"P.A.M.Vi. Es una Asociaci\u00f3n Civil sin fines de lucro, con Personer\u00eda Jur\u00eddica n\u00ba 3132\/14, creada el 30\/06\/14. Nuestro objetivo principal [&hellip;]\" \/>\n<meta property=\"og:url\" content=\"https:\/\/patagoniambiental.com.ar\/info\/directory\/asociacion-civil-p-a-m-vi-perros-abandonados-y-maltratados-de-viedma\/\" \/>\n<meta property=\"og:site_name\" content=\"Patagonia Ambiental\" \/>\n<meta property=\"article:publisher\" content=\"https:\/\/www.facebook.com\/patagonia.ambiental\" \/>\n<meta property=\"article:modified_time\" content=\"2025-05-19T15:16:04+00:00\" \/>\n<meta property=\"og:image\" content=\"https:\/\/patagoniambiental.com.ar\/info\/wp-content\/uploads\/2025\/05\/PAMVI.jpg\" \/>\n\t<meta property=\"og:image:width\" content=\"937\" \/>\n\t<meta property=\"og:image:height\" content=\"960\" \/>\n\t<meta property=\"og:image:type\" content=\"image\/jpeg\" \/>\n<meta name=\"twitter:card\" content=\"summary_large_image\" \/>\n<meta name=\"twitter:site\" content=\"@PatAmb\" \/>\n<script type=\"application\/ld+json\" class=\"yoast-schema-graph\">{\"@context\":\"https:\\\/\\\/schema.org\",\"@graph\":[{\"@type\":\"WebPage\",\"@id\":\"https:\\\/\\\/patagoniambiental.com.ar\\\/info\\\/directory\\\/asociacion-civil-p-a-m-vi-perros-abandonados-y-maltratados-de-viedma\\\/\",\"url\":\"https:\\\/\\\/patagoniambiental.com.ar\\\/info\\\/directory\\\/asociacion-civil-p-a-m-vi-perros-abandonados-y-maltratados-de-viedma\\\/\",\"name\":\"Asociaci\u00f3n Civ\u00edl P.A.M.Vi (Perros Abandonados y Maltratados de Viedma) - Patagonia Ambiental\",\"isPartOf\":{\"@id\":\"https:\\\/\\\/patagoniambiental.com.ar\\\/info\\\/#website\"},\"primaryImageOfPage\":{\"@id\":\"https:\\\/\\\/patagoniambiental.com.ar\\\/info\\\/directory\\\/asociacion-civil-p-a-m-vi-perros-abandonados-y-maltratados-de-viedma\\\/#primaryimage\"},\"image\":{\"@id\":\"https:\\\/\\\/patagoniambiental.com.ar\\\/info\\\/directory\\\/asociacion-civil-p-a-m-vi-perros-abandonados-y-maltratados-de-viedma\\\/#primaryimage\"},\"thumbnailUrl\":\"https:\\\/\\\/patagoniambiental.com.ar\\\/info\\\/wp-content\\\/uploads\\\/2025\\\/05\\\/PAMVI.jpg\",\"datePublished\":\"2025-05-19T15:15:54+00:00\",\"dateModified\":\"2025-05-19T15:16:04+00:00\",\"breadcrumb\":{\"@id\":\"https:\\\/\\\/patagoniambiental.com.ar\\\/info\\\/directory\\\/asociacion-civil-p-a-m-vi-perros-abandonados-y-maltratados-de-viedma\\\/#breadcrumb\"},\"inLanguage\":\"es\",\"potentialAction\":[{\"@type\":\"ReadAction\",\"target\":[\"https:\\\/\\\/patagoniambiental.com.ar\\\/info\\\/directory\\\/asociacion-civil-p-a-m-vi-perros-abandonados-y-maltratados-de-viedma\\\/\"]}]},{\"@type\":\"ImageObject\",\"inLanguage\":\"es\",\"@id\":\"https:\\\/\\\/patagoniambiental.com.ar\\\/info\\\/directory\\\/asociacion-civil-p-a-m-vi-perros-abandonados-y-maltratados-de-viedma\\\/#primaryimage\",\"url\":\"https:\\\/\\\/patagoniambiental.com.ar\\\/info\\\/wp-content\\\/uploads\\\/2025\\\/05\\\/PAMVI.jpg\",\"contentUrl\":\"https:\\\/\\\/patagoniambiental.com.ar\\\/info\\\/wp-content\\\/uploads\\\/2025\\\/05\\\/PAMVI.jpg\",\"width\":586,\"height\":600,\"caption\":\"Asociaci\u00f3n PAMVI de Viedma - ONG Ambientales - Directorio\"},{\"@type\":\"BreadcrumbList\",\"@id\":\"https:\\\/\\\/patagoniambiental.com.ar\\\/info\\\/directory\\\/asociacion-civil-p-a-m-vi-perros-abandonados-y-maltratados-de-viedma\\\/#breadcrumb\",\"itemListElement\":[{\"@type\":\"ListItem\",\"position\":1,\"name\":\"Inicio\",\"item\":\"https:\\\/\\\/patagoniambiental.com.ar\\\/info\\\/\"},{\"@type\":\"ListItem\",\"position\":2,\"name\":\"Asociaci\u00f3n Civ\u00edl P.A.M.Vi (Perros Abandonados y Maltratados de Viedma)\"}]},{\"@type\":\"WebSite\",\"@id\":\"https:\\\/\\\/patagoniambiental.com.ar\\\/info\\\/#website\",\"url\":\"https:\\\/\\\/patagoniambiental.com.ar\\\/info\\\/\",\"name\":\"Patagonia Ambiental\",\"description\":\"Monitoreo y an\u00e1lisis de la situaci\u00f3n geopol\u00edtica en el mundo y su implicancia en la Patagonia\",\"publisher\":{\"@id\":\"https:\\\/\\\/patagoniambiental.com.ar\\\/info\\\/#organization\"},\"potentialAction\":[{\"@type\":\"SearchAction\",\"target\":{\"@type\":\"EntryPoint\",\"urlTemplate\":\"https:\\\/\\\/patagoniambiental.com.ar\\\/info\\\/?s={search_term_string}\"},\"query-input\":{\"@type\":\"PropertyValueSpecification\",\"valueRequired\":true,\"valueName\":\"search_term_string\"}}],\"inLanguage\":\"es\"},{\"@type\":\"Organization\",\"@id\":\"https:\\\/\\\/patagoniambiental.com.ar\\\/info\\\/#organization\",\"name\":\"Patagonia Ambiental\",\"url\":\"https:\\\/\\\/patagoniambiental.com.ar\\\/info\\\/\",\"logo\":{\"@type\":\"ImageObject\",\"inLanguage\":\"es\",\"@id\":\"https:\\\/\\\/patagoniambiental.com.ar\\\/info\\\/#\\\/schema\\\/logo\\\/image\\\/\",\"url\":\"https:\\\/\\\/patagoniambiental.com.ar\\\/info\\\/wp-content\\\/uploads\\\/2025\\\/05\\\/LOGO-PATAGONIA-AMBIENTAL.png\",\"contentUrl\":\"https:\\\/\\\/patagoniambiental.com.ar\\\/info\\\/wp-content\\\/uploads\\\/2025\\\/05\\\/LOGO-PATAGONIA-AMBIENTAL.png\",\"width\":433,\"height\":250,\"caption\":\"Patagonia Ambiental\"},\"image\":{\"@id\":\"https:\\\/\\\/patagoniambiental.com.ar\\\/info\\\/#\\\/schema\\\/logo\\\/image\\\/\"},\"sameAs\":[\"https:\\\/\\\/www.facebook.com\\\/patagonia.ambiental\",\"https:\\\/\\\/x.com\\\/PatAmb\"]}]}<\/script>\n<!-- \/ Yoast SEO Premium plugin. -->","yoast_head_json":{"title":"Asociaci\u00f3n Civ\u00edl P.A.M.Vi (Perros Abandonados y Maltratados de Viedma) - Patagonia Ambiental","robots":{"index":"index","follow":"follow","max-snippet":"max-snippet:-1","max-image-preview":"max-image-preview:large","max-video-preview":"max-video-preview:-1"},"canonical":"https:\/\/patagoniambiental.com.ar\/info\/directory\/asociacion-civil-p-a-m-vi-perros-abandonados-y-maltratados-de-viedma\/","og_locale":"es_ES","og_type":"article","og_title":"Asociaci\u00f3n Civ\u00edl P.A.M.Vi (Perros Abandonados y Maltratados de Viedma)","og_description":"P.A.M.Vi. Es una Asociaci\u00f3n Civil sin fines de lucro, con Personer\u00eda Jur\u00eddica n\u00ba 3132\/14, creada el 30\/06\/14. Nuestro objetivo principal [&hellip;]","og_url":"https:\/\/patagoniambiental.com.ar\/info\/directory\/asociacion-civil-p-a-m-vi-perros-abandonados-y-maltratados-de-viedma\/","og_site_name":"Patagonia Ambiental","article_publisher":"https:\/\/www.facebook.com\/patagonia.ambiental","article_modified_time":"2025-05-19T15:16:04+00:00","og_image":[{"width":937,"height":960,"url":"https:\/\/patagoniambiental.com.ar\/info\/wp-content\/uploads\/2025\/05\/PAMVI.jpg","type":"image\/jpeg"}],"twitter_card":"summary_large_image","twitter_site":"@PatAmb","schema":{"@context":"https:\/\/schema.org","@graph":[{"@type":"WebPage","@id":"https:\/\/patagoniambiental.com.ar\/info\/directory\/asociacion-civil-p-a-m-vi-perros-abandonados-y-maltratados-de-viedma\/","url":"https:\/\/patagoniambiental.com.ar\/info\/directory\/asociacion-civil-p-a-m-vi-perros-abandonados-y-maltratados-de-viedma\/","name":"Asociaci\u00f3n Civ\u00edl P.A.M.Vi (Perros Abandonados y Maltratados de Viedma) - Patagonia Ambiental","isPartOf":{"@id":"https:\/\/patagoniambiental.com.ar\/info\/#website"},"primaryImageOfPage":{"@id":"https:\/\/patagoniambiental.com.ar\/info\/directory\/asociacion-civil-p-a-m-vi-perros-abandonados-y-maltratados-de-viedma\/#primaryimage"},"image":{"@id":"https:\/\/patagoniambiental.com.ar\/info\/directory\/asociacion-civil-p-a-m-vi-perros-abandonados-y-maltratados-de-viedma\/#primaryimage"},"thumbnailUrl":"https:\/\/patagoniambiental.com.ar\/info\/wp-content\/uploads\/2025\/05\/PAMVI.jpg","datePublished":"2025-05-19T15:15:54+00:00","dateModified":"2025-05-19T15:16:04+00:00","breadcrumb":{"@id":"https:\/\/patagoniambiental.com.ar\/info\/directory\/asociacion-civil-p-a-m-vi-perros-abandonados-y-maltratados-de-viedma\/#breadcrumb"},"inLanguage":"es","potentialAction":[{"@type":"ReadAction","target":["https:\/\/patagoniambiental.com.ar\/info\/directory\/asociacion-civil-p-a-m-vi-perros-abandonados-y-maltratados-de-viedma\/"]}]},{"@type":"ImageObject","inLanguage":"es","@id":"https:\/\/patagoniambiental.com.ar\/info\/directory\/asociacion-civil-p-a-m-vi-perros-abandonados-y-maltratados-de-viedma\/#primaryimage","url":"https:\/\/patagoniambiental.com.ar\/info\/wp-content\/uploads\/2025\/05\/PAMVI.jpg","contentUrl":"https:\/\/patagoniambiental.com.ar\/info\/wp-content\/uploads\/2025\/05\/PAMVI.jpg","width":586,"height":600,"caption":"Asociaci\u00f3n PAMVI de Viedma - ONG Ambientales - Directorio"},{"@type":"BreadcrumbList","@id":"https:\/\/patagoniambiental.com.ar\/info\/directory\/asociacion-civil-p-a-m-vi-perros-abandonados-y-maltratados-de-viedma\/#breadcrumb","itemListElement":[{"@type":"ListItem","position":1,"name":"Inicio","item":"https:\/\/patagoniambiental.com.ar\/info\/"},{"@type":"ListItem","position":2,"name":"Asociaci\u00f3n Civ\u00edl P.A.M.Vi (Perros Abandonados y Maltratados de Viedma)"}]},{"@type":"WebSite","@id":"https:\/\/patagoniambiental.com.ar\/info\/#website","url":"https:\/\/patagoniambiental.com.ar\/info\/","name":"Patagonia Ambiental","description":"Monitoreo y an\u00e1lisis de la situaci\u00f3n geopol\u00edtica en el mundo y su implicancia en la Patagonia","publisher":{"@id":"https:\/\/patagoniambiental.com.ar\/info\/#organization"},"potentialAction":[{"@type":"SearchAction","target":{"@type":"EntryPoint","urlTemplate":"https:\/\/patagoniambiental.com.ar\/info\/?s={search_term_string}"},"query-input":{"@type":"PropertyValueSpecification","valueRequired":true,"valueName":"search_term_string"}}],"inLanguage":"es"},{"@type":"Organization","@id":"https:\/\/patagoniambiental.com.ar\/info\/#organization","name":"Patagonia Ambiental","url":"https:\/\/patagoniambiental.com.ar\/info\/","logo":{"@type":"ImageObject","inLanguage":"es","@id":"https:\/\/patagoniambiental.com.ar\/info\/#\/schema\/logo\/image\/","url":"https:\/\/patagoniambiental.com.ar\/info\/wp-content\/uploads\/2025\/05\/LOGO-PATAGONIA-AMBIENTAL.png","contentUrl":"https:\/\/patagoniambiental.com.ar\/info\/wp-content\/uploads\/2025\/05\/LOGO-PATAGONIA-AMBIENTAL.png","width":433,"height":250,"caption":"Patagonia Ambiental"},"image":{"@id":"https:\/\/patagoniambiental.com.ar\/info\/#\/schema\/logo\/image\/"},"sameAs":["https:\/\/www.facebook.com\/patagonia.ambiental","https:\/\/x.com\/PatAmb"]}]}},"_links":{"self":[{"href":"https:\/\/patagoniambiental.com.ar\/info\/wp-json\/wp\/v2\/at_biz_dir\/95349","targetHints":{"allow":["GET"]}}],"collection":[{"href":"https:\/\/patagoniambiental.com.ar\/info\/wp-json\/wp\/v2\/at_biz_dir"}],"about":[{"href":"https:\/\/patagoniambiental.com.ar\/info\/wp-json\/wp\/v2\/types\/at_biz_dir"}],"author":[{"embeddable":true,"href":"https:\/\/patagoniambiental.com.ar\/info\/wp-json\/wp\/v2\/users\/8"}],"replies":[{"embeddable":true,"href":"https:\/\/patagoniambiental.com.ar\/info\/wp-json\/wp\/v2\/comments?post=95349"}],"wp:featuredmedia":[{"embeddable":true,"href":"https:\/\/patagoniambiental.com.ar\/info\/wp-json\/wp\/v2\/media\/95350"}],"wp:attachment":[{"href":"https:\/\/patagoniambiental.com.ar\/info\/wp-json\/wp\/v2\/media?parent=95349"}],"wp:term":[{"taxonomy":"atbdp_listing_types","embeddable":true,"href":"https:\/\/patagoniambiental.com.ar\/info\/wp-json\/wp\/v2\/atbdp_listing_types?post=95349"},{"taxonomy":"at_biz_dir-category","embeddable":true,"href":"https:\/\/patagoniambiental.com.ar\/info\/wp-json\/wp\/v2\/at_biz_dir-category?post=95349"},{"taxonomy":"at_biz_dir-location","embeddable":true,"href":"https:\/\/patagoniambiental.com.ar\/info\/wp-json\/wp\/v2\/at_biz_dir-location?post=95349"},{"taxonomy":"at_biz_dir-tags","embeddable":true,"href":"https:\/\/patagoniambiental.com.ar\/info\/wp-json\/wp\/v2\/at_biz_dir-tags?post=95349"}],"curies":[{"name":"wp","href":"https:\/\/api.w.org\/{rel}","templated":true}]}}