{"id":95354,"date":"2025-05-19T12:27:01","date_gmt":"2025-05-19T15:27:01","guid":{"rendered":"https:\/\/patagoniambiental.com.ar\/info\/?post_type=at_biz_dir&#038;p=95354"},"modified":"2025-05-19T12:27:01","modified_gmt":"2025-05-19T15:27:01","slug":"fundacion-eco-gobierno-global","status":"publish","type":"at_biz_dir","link":"https:\/\/patagoniambiental.com.ar\/info\/directory\/fundacion-eco-gobierno-global\/","title":{"rendered":"Fundaci\u00f3n ECO GOBIERNO GLOBAL"},"content":{"rendered":"<p>\u201cEco Gobierno Global\u201d obtuvo su Personer\u00eda Jur\u00eddica convirti\u00e9ndose en Fundaci\u00f3n<br class=\"html-br\" \/><br class=\"html-br\" \/>Viedma.-Este martes 6 de marzo el Director General de Personer\u00edas Jur\u00eddicas, Martin Mena le entrego en Viedma la Personer\u00eda Jur\u00eddica a ECO GOBIERNO GLOBAL convirti\u00e9ndose de esta manera en Fundaci\u00f3n la cual est\u00e1 registrada con el N\u00b0 3.430.<br class=\"html-br\" \/><br class=\"html-br\" \/>La propuesta Eco Gobierno Global fue declarada en el a\u00f1o 2015 de Inter\u00e9s social, cultural, ambiental y educativo por la Legislatura de Rio Negro con la Declaraci\u00f3n N\u00ba: 38\/2015 a instancias de la Legisladora de Bariloche Arabela Carreras (JSRN).<br class=\"html-br\" \/><br class=\"html-br\" \/>En la misma iniciativa legislativa tambi\u00e9n fueron declarados de inter\u00e9s tres libros de su autor\u00eda referidos a la tem\u00e1tica ambiental titulados \u201cUna casa en el Casta\u00f1o\u201d, \u201cChau-Chi, Una bella historia de amor\u201d y \u201cEl Dios de la monta\u00f1a\u201d, ambientado \u00e9ste \u00faltimo en la Comarca Andina de El Bols\u00f3n. Con la venta de ejemplares financia su viaje por el continente.<br class=\"html-br\" \/><br class=\"html-br\" \/>El autor intenta que la venta de sus libros sirvan para financiar parte del proyecto de EGG Eco Gobierno Global, pues Bustelo de la Riva siempre ha dedicado su escritura a tem\u00e1ticas ambientales que apelan a la reflexi\u00f3n. As\u00ed recordamos algunos t\u00edtulos como: \u201cLloro por t\u00ed, Argentina\u201d, \u201cUna casa en el Casta\u00f1o\u201d, \u201cChau-Chi, una bella historia de amor\u201d y \u201cEl Dios de la monta\u00f1a\u201d.<br class=\"html-br\" \/><br class=\"html-br\" \/>\u201cUna casa en el Casta\u00f1o\u201d, alude al tema del Calentamiento Global, sus implicancias y la importancia, curiosidad y toma de conciencia que despierta ya en los ni\u00f1os.<br class=\"html-br\" \/><br class=\"html-br\" \/>\u201cEl Dios de la Monta\u00f1a\u201d es una obra dedicada a su nieto, radicado con sus padres en la Comarca Andina de R\u00edo Negro. Obra que alude a los factores clim\u00e1ticos determinantes como las nevadas que se producen en la zona. La idea es que el libro sea parte de un proyecto cinematogr\u00e1fico.<br class=\"html-br\" \/><br class=\"html-br\" \/>Su \u00faltimo libro \u201cChau-Chi, una bella historia de amor\u201d, ambientado y desarrollado en Panam\u00e1, concretamente en la isla de Coiba, relata la relaci\u00f3n entre un viejo desconocido -que trata de construir un velero para regresar a su remoto lugar de origen- y una joven pescadora de perlas que lo pone en la disyuntiva de quedarse o partir.<br class=\"html-br\" \/><br class=\"html-br\" \/>Muchas organizaciones est\u00e1n dedicadas al cuidado del ambiente y a toda problem\u00e1tica que acarrea el mal uso y trato de los recursos naturales y su real valoraci\u00f3n. Por ello, organizaciones estatales de car\u00e1cter mundial firman pactos con las diversas naciones que proponen y establecen distintas medidas dada la importancia y gravedad \u2013en algunos casos- de la situaci\u00f3n por la que atraviesa nuestro planeta Tierra; en especial, pa\u00edses que ya no pueden acceder a recursos naturales m\u00ednimos, como por ejemplo el agua.<br class=\"html-br\" \/><br class=\"html-br\" \/>En ese marco surge la propuesta de un gobierno global para la administraci\u00f3n y preservaci\u00f3n de los recursos naturales, con la modalidad de Eco Gobierno Global (EGG). Su autor Javier Bustelo e la Riva alienta la idea de lucha contra el cambio clim\u00e1tico y sugiere que mediante la compra de alguno de sus libros se pueda financiar parte del proyecto, el que se ir\u00e1 enriqueciendo en su parte inicial mediante un viaje por veinte pa\u00edses de nuestra Am\u00e9rica.<br class=\"html-br\" \/><br class=\"html-br\" \/>De este modo, F. Javier Bustelo de la Riva, original de Espa\u00f1a, pero radicado desde ni\u00f1o en Viedma, ha desarrollado actividades y vivido en varios lugares del planeta Tierra: Barcelona, Islas Canarias, Florian\u00f3polis en Brasil, Canc\u00fan etc.. Finalmente, retorn\u00f3 a la Argentina para comenzar a escribir.<br class=\"html-br\" \/><br class=\"html-br\" \/>En los primeros meses de 2015, Bustelo de la Riva emprendi\u00f3 un viaje desde Ushuaia a Nueva York, recorriendo m\u00e1s de 15.000 Km., con el prop\u00f3sito comunicarse e intercambiar ideas con los habitantes y pobladores de distintos lugares del continente para enriquecer su proyecto de hacer un Eco Gobierno Global.<\/p>\n","protected":false},"author":8,"comment_status":"closed","ping_status":"closed","template":"","meta":{"site-sidebar-layout":"default","site-content-layout":"","ast-site-content-layout":"default","site-content-style":"default","site-sidebar-style":"default","ast-global-header-display":"","ast-banner-title-visibility":"","ast-main-header-display":"","ast-hfb-above-header-display":"","ast-hfb-below-header-display":"","ast-hfb-mobile-header-display":"","site-post-title":"","ast-breadcrumbs-content":"","ast-featured-img":"","footer-sml-layout":"","ast-disable-related-posts":"","theme-transparent-header-meta":"","adv-header-id-meta":"","stick-header-meta":"","header-above-stick-meta":"","header-main-stick-meta":"","header-below-stick-meta":"","astra-migrate-meta-layouts":"default","ast-page-background-enabled":"default","ast-page-background-meta":{"desktop":{"background-color":"var(--ast-global-color-5)","background-image":"","background-repeat":"repeat","background-position":"center center","background-size":"auto","background-attachment":"scroll","background-type":"","background-media":"","overlay-type":"","overlay-color":"","overlay-opacity":"","overlay-gradient":""},"tablet":{"background-color":"","background-image":"","background-repeat":"repeat","background-position":"center center","background-size":"auto","background-attachment":"scroll","background-type":"","background-media":"","overlay-type":"","overlay-color":"","overlay-opacity":"","overlay-gradient":""},"mobile":{"background-color":"","background-image":"","background-repeat":"repeat","background-position":"center center","background-size":"auto","background-attachment":"scroll","background-type":"","background-media":"","overlay-type":"","overlay-color":"","overlay-opacity":"","overlay-gradient":""}},"ast-content-background-meta":{"desktop":{"background-color":"var(--ast-global-color-4)","background-image":"","background-repeat":"repeat","background-position":"center center","background-size":"auto","background-attachment":"scroll","background-type":"","background-media":"","overlay-type":"","overlay-color":"","overlay-opacity":"","overlay-gradient":""},"tablet":{"background-color":"var(--ast-global-color-4)","background-image":"","background-repeat":"repeat","background-position":"center center","background-size":"auto","background-attachment":"scroll","background-type":"","background-media":"","overlay-type":"","overlay-color":"","overlay-opacity":"","overlay-gradient":""},"mobile":{"background-color":"var(--ast-global-color-4)","background-image":"","background-repeat":"repeat","background-position":"center center","background-size":"auto","background-attachment":"scroll","background-type":"","background-media":"","overlay-type":"","overlay-color":"","overlay-opacity":"","overlay-gradient":""}}},"atbdp_listing_types":[3405],"at_biz_dir-category":[3427],"at_biz_dir-location":[3428],"at_biz_dir-tags":[3433],"class_list":["post-95354","at_biz_dir","type-at_biz_dir","status-publish","has-post-thumbnail","hentry","atbdp_listing_types-business","at_biz_dir-category-ong-ambientales","at_biz_dir-location-viedma","at_biz_dir-tags-ong"],"yoast_head":"<!-- This site is optimized with the Yoast SEO Premium plugin v23.0 (Yoast SEO v27.4) - https:\/\/yoast.com\/product\/yoast-seo-premium-wordpress\/ -->\n<title>Fundaci\u00f3n ECO GOBIERNO GLOBAL - Patagonia Ambiental<\/title>\n<meta name=\"robots\" content=\"index, follow, max-snippet:-1, max-image-preview:large, max-video-preview:-1\" \/>\n<link rel=\"canonical\" href=\"https:\/\/patagoniambiental.com.ar\/info\/directory\/fundacion-eco-gobierno-global\/\" \/>\n<meta property=\"og:locale\" content=\"es_ES\" \/>\n<meta property=\"og:type\" content=\"article\" \/>\n<meta property=\"og:title\" content=\"Fundaci\u00f3n ECO GOBIERNO GLOBAL\" \/>\n<meta property=\"og:description\" content=\"\u201cEco Gobierno Global\u201d obtuvo su Personer\u00eda Jur\u00eddica convirti\u00e9ndose en Fundaci\u00f3nViedma.-Este martes 6 de marzo el Director General de Personer\u00edas Jur\u00eddicas, [&hellip;]\" \/>\n<meta property=\"og:url\" content=\"https:\/\/patagoniambiental.com.ar\/info\/directory\/fundacion-eco-gobierno-global\/\" \/>\n<meta property=\"og:site_name\" content=\"Patagonia Ambiental\" \/>\n<meta property=\"article:publisher\" content=\"https:\/\/www.facebook.com\/patagonia.ambiental\" \/>\n<meta property=\"og:image\" content=\"https:\/\/patagoniambiental.com.ar\/info\/wp-content\/uploads\/2025\/05\/Fundacion-Eco-Gobierno-Global.jpg\" \/>\n\t<meta property=\"og:image:width\" content=\"520\" \/>\n\t<meta property=\"og:image:height\" content=\"245\" \/>\n\t<meta property=\"og:image:type\" content=\"image\/jpeg\" \/>\n<meta name=\"twitter:card\" content=\"summary_large_image\" \/>\n<meta name=\"twitter:site\" content=\"@PatAmb\" \/>\n<script type=\"application\/ld+json\" class=\"yoast-schema-graph\">{\"@context\":\"https:\\\/\\\/schema.org\",\"@graph\":[{\"@type\":\"WebPage\",\"@id\":\"https:\\\/\\\/patagoniambiental.com.ar\\\/info\\\/directory\\\/fundacion-eco-gobierno-global\\\/\",\"url\":\"https:\\\/\\\/patagoniambiental.com.ar\\\/info\\\/directory\\\/fundacion-eco-gobierno-global\\\/\",\"name\":\"Fundaci\u00f3n ECO GOBIERNO GLOBAL - Patagonia Ambiental\",\"isPartOf\":{\"@id\":\"https:\\\/\\\/patagoniambiental.com.ar\\\/info\\\/#website\"},\"primaryImageOfPage\":{\"@id\":\"https:\\\/\\\/patagoniambiental.com.ar\\\/info\\\/directory\\\/fundacion-eco-gobierno-global\\\/#primaryimage\"},\"image\":{\"@id\":\"https:\\\/\\\/patagoniambiental.com.ar\\\/info\\\/directory\\\/fundacion-eco-gobierno-global\\\/#primaryimage\"},\"thumbnailUrl\":\"https:\\\/\\\/patagoniambiental.com.ar\\\/info\\\/wp-content\\\/uploads\\\/2025\\\/05\\\/Fundacion-Eco-Gobierno-Global.jpg\",\"datePublished\":\"2025-05-19T15:27:01+00:00\",\"breadcrumb\":{\"@id\":\"https:\\\/\\\/patagoniambiental.com.ar\\\/info\\\/directory\\\/fundacion-eco-gobierno-global\\\/#breadcrumb\"},\"inLanguage\":\"es\",\"potentialAction\":[{\"@type\":\"ReadAction\",\"target\":[\"https:\\\/\\\/patagoniambiental.com.ar\\\/info\\\/directory\\\/fundacion-eco-gobierno-global\\\/\"]}]},{\"@type\":\"ImageObject\",\"inLanguage\":\"es\",\"@id\":\"https:\\\/\\\/patagoniambiental.com.ar\\\/info\\\/directory\\\/fundacion-eco-gobierno-global\\\/#primaryimage\",\"url\":\"https:\\\/\\\/patagoniambiental.com.ar\\\/info\\\/wp-content\\\/uploads\\\/2025\\\/05\\\/Fundacion-Eco-Gobierno-Global.jpg\",\"contentUrl\":\"https:\\\/\\\/patagoniambiental.com.ar\\\/info\\\/wp-content\\\/uploads\\\/2025\\\/05\\\/Fundacion-Eco-Gobierno-Global.jpg\",\"width\":520,\"height\":245,\"caption\":\"Fundacion Eco Gobierno Global\"},{\"@type\":\"BreadcrumbList\",\"@id\":\"https:\\\/\\\/patagoniambiental.com.ar\\\/info\\\/directory\\\/fundacion-eco-gobierno-global\\\/#breadcrumb\",\"itemListElement\":[{\"@type\":\"ListItem\",\"position\":1,\"name\":\"Inicio\",\"item\":\"https:\\\/\\\/patagoniambiental.com.ar\\\/info\\\/\"},{\"@type\":\"ListItem\",\"position\":2,\"name\":\"Fundaci\u00f3n ECO GOBIERNO GLOBAL\"}]},{\"@type\":\"WebSite\",\"@id\":\"https:\\\/\\\/patagoniambiental.com.ar\\\/info\\\/#website\",\"url\":\"https:\\\/\\\/patagoniambiental.com.ar\\\/info\\\/\",\"name\":\"Patagonia Ambiental\",\"description\":\"Monitoreo y an\u00e1lisis de la situaci\u00f3n geopol\u00edtica en el mundo y su implicancia en la Patagonia\",\"publisher\":{\"@id\":\"https:\\\/\\\/patagoniambiental.com.ar\\\/info\\\/#organization\"},\"potentialAction\":[{\"@type\":\"SearchAction\",\"target\":{\"@type\":\"EntryPoint\",\"urlTemplate\":\"https:\\\/\\\/patagoniambiental.com.ar\\\/info\\\/?s={search_term_string}\"},\"query-input\":{\"@type\":\"PropertyValueSpecification\",\"valueRequired\":true,\"valueName\":\"search_term_string\"}}],\"inLanguage\":\"es\"},{\"@type\":\"Organization\",\"@id\":\"https:\\\/\\\/patagoniambiental.com.ar\\\/info\\\/#organization\",\"name\":\"Patagonia Ambiental\",\"url\":\"https:\\\/\\\/patagoniambiental.com.ar\\\/info\\\/\",\"logo\":{\"@type\":\"ImageObject\",\"inLanguage\":\"es\",\"@id\":\"https:\\\/\\\/patagoniambiental.com.ar\\\/info\\\/#\\\/schema\\\/logo\\\/image\\\/\",\"url\":\"https:\\\/\\\/patagoniambiental.com.ar\\\/info\\\/wp-content\\\/uploads\\\/2025\\\/05\\\/LOGO-PATAGONIA-AMBIENTAL.png\",\"contentUrl\":\"https:\\\/\\\/patagoniambiental.com.ar\\\/info\\\/wp-content\\\/uploads\\\/2025\\\/05\\\/LOGO-PATAGONIA-AMBIENTAL.png\",\"width\":433,\"height\":250,\"caption\":\"Patagonia Ambiental\"},\"image\":{\"@id\":\"https:\\\/\\\/patagoniambiental.com.ar\\\/info\\\/#\\\/schema\\\/logo\\\/image\\\/\"},\"sameAs\":[\"https:\\\/\\\/www.facebook.com\\\/patagonia.ambiental\",\"https:\\\/\\\/x.com\\\/PatAmb\"]}]}<\/script>\n<!-- \/ Yoast SEO Premium plugin. -->","yoast_head_json":{"title":"Fundaci\u00f3n ECO GOBIERNO GLOBAL - Patagonia Ambiental","robots":{"index":"index","follow":"follow","max-snippet":"max-snippet:-1","max-image-preview":"max-image-preview:large","max-video-preview":"max-video-preview:-1"},"canonical":"https:\/\/patagoniambiental.com.ar\/info\/directory\/fundacion-eco-gobierno-global\/","og_locale":"es_ES","og_type":"article","og_title":"Fundaci\u00f3n ECO GOBIERNO GLOBAL","og_description":"\u201cEco Gobierno Global\u201d obtuvo su Personer\u00eda Jur\u00eddica convirti\u00e9ndose en Fundaci\u00f3nViedma.-Este martes 6 de marzo el Director General de Personer\u00edas Jur\u00eddicas, [&hellip;]","og_url":"https:\/\/patagoniambiental.com.ar\/info\/directory\/fundacion-eco-gobierno-global\/","og_site_name":"Patagonia Ambiental","article_publisher":"https:\/\/www.facebook.com\/patagonia.ambiental","og_image":[{"width":520,"height":245,"url":"https:\/\/patagoniambiental.com.ar\/info\/wp-content\/uploads\/2025\/05\/Fundacion-Eco-Gobierno-Global.jpg","type":"image\/jpeg"}],"twitter_card":"summary_large_image","twitter_site":"@PatAmb","schema":{"@context":"https:\/\/schema.org","@graph":[{"@type":"WebPage","@id":"https:\/\/patagoniambiental.com.ar\/info\/directory\/fundacion-eco-gobierno-global\/","url":"https:\/\/patagoniambiental.com.ar\/info\/directory\/fundacion-eco-gobierno-global\/","name":"Fundaci\u00f3n ECO GOBIERNO GLOBAL - Patagonia Ambiental","isPartOf":{"@id":"https:\/\/patagoniambiental.com.ar\/info\/#website"},"primaryImageOfPage":{"@id":"https:\/\/patagoniambiental.com.ar\/info\/directory\/fundacion-eco-gobierno-global\/#primaryimage"},"image":{"@id":"https:\/\/patagoniambiental.com.ar\/info\/directory\/fundacion-eco-gobierno-global\/#primaryimage"},"thumbnailUrl":"https:\/\/patagoniambiental.com.ar\/info\/wp-content\/uploads\/2025\/05\/Fundacion-Eco-Gobierno-Global.jpg","datePublished":"2025-05-19T15:27:01+00:00","breadcrumb":{"@id":"https:\/\/patagoniambiental.com.ar\/info\/directory\/fundacion-eco-gobierno-global\/#breadcrumb"},"inLanguage":"es","potentialAction":[{"@type":"ReadAction","target":["https:\/\/patagoniambiental.com.ar\/info\/directory\/fundacion-eco-gobierno-global\/"]}]},{"@type":"ImageObject","inLanguage":"es","@id":"https:\/\/patagoniambiental.com.ar\/info\/directory\/fundacion-eco-gobierno-global\/#primaryimage","url":"https:\/\/patagoniambiental.com.ar\/info\/wp-content\/uploads\/2025\/05\/Fundacion-Eco-Gobierno-Global.jpg","contentUrl":"https:\/\/patagoniambiental.com.ar\/info\/wp-content\/uploads\/2025\/05\/Fundacion-Eco-Gobierno-Global.jpg","width":520,"height":245,"caption":"Fundacion Eco Gobierno Global"},{"@type":"BreadcrumbList","@id":"https:\/\/patagoniambiental.com.ar\/info\/directory\/fundacion-eco-gobierno-global\/#breadcrumb","itemListElement":[{"@type":"ListItem","position":1,"name":"Inicio","item":"https:\/\/patagoniambiental.com.ar\/info\/"},{"@type":"ListItem","position":2,"name":"Fundaci\u00f3n ECO GOBIERNO GLOBAL"}]},{"@type":"WebSite","@id":"https:\/\/patagoniambiental.com.ar\/info\/#website","url":"https:\/\/patagoniambiental.com.ar\/info\/","name":"Patagonia Ambiental","description":"Monitoreo y an\u00e1lisis de la situaci\u00f3n geopol\u00edtica en el mundo y su implicancia en la Patagonia","publisher":{"@id":"https:\/\/patagoniambiental.com.ar\/info\/#organization"},"potentialAction":[{"@type":"SearchAction","target":{"@type":"EntryPoint","urlTemplate":"https:\/\/patagoniambiental.com.ar\/info\/?s={search_term_string}"},"query-input":{"@type":"PropertyValueSpecification","valueRequired":true,"valueName":"search_term_string"}}],"inLanguage":"es"},{"@type":"Organization","@id":"https:\/\/patagoniambiental.com.ar\/info\/#organization","name":"Patagonia Ambiental","url":"https:\/\/patagoniambiental.com.ar\/info\/","logo":{"@type":"ImageObject","inLanguage":"es","@id":"https:\/\/patagoniambiental.com.ar\/info\/#\/schema\/logo\/image\/","url":"https:\/\/patagoniambiental.com.ar\/info\/wp-content\/uploads\/2025\/05\/LOGO-PATAGONIA-AMBIENTAL.png","contentUrl":"https:\/\/patagoniambiental.com.ar\/info\/wp-content\/uploads\/2025\/05\/LOGO-PATAGONIA-AMBIENTAL.png","width":433,"height":250,"caption":"Patagonia Ambiental"},"image":{"@id":"https:\/\/patagoniambiental.com.ar\/info\/#\/schema\/logo\/image\/"},"sameAs":["https:\/\/www.facebook.com\/patagonia.ambiental","https:\/\/x.com\/PatAmb"]}]}},"_links":{"self":[{"href":"https:\/\/patagoniambiental.com.ar\/info\/wp-json\/wp\/v2\/at_biz_dir\/95354","targetHints":{"allow":["GET"]}}],"collection":[{"href":"https:\/\/patagoniambiental.com.ar\/info\/wp-json\/wp\/v2\/at_biz_dir"}],"about":[{"href":"https:\/\/patagoniambiental.com.ar\/info\/wp-json\/wp\/v2\/types\/at_biz_dir"}],"author":[{"embeddable":true,"href":"https:\/\/patagoniambiental.com.ar\/info\/wp-json\/wp\/v2\/users\/8"}],"replies":[{"embeddable":true,"href":"https:\/\/patagoniambiental.com.ar\/info\/wp-json\/wp\/v2\/comments?post=95354"}],"wp:featuredmedia":[{"embeddable":true,"href":"https:\/\/patagoniambiental.com.ar\/info\/wp-json\/wp\/v2\/media\/95355"}],"wp:attachment":[{"href":"https:\/\/patagoniambiental.com.ar\/info\/wp-json\/wp\/v2\/media?parent=95354"}],"wp:term":[{"taxonomy":"atbdp_listing_types","embeddable":true,"href":"https:\/\/patagoniambiental.com.ar\/info\/wp-json\/wp\/v2\/atbdp_listing_types?post=95354"},{"taxonomy":"at_biz_dir-category","embeddable":true,"href":"https:\/\/patagoniambiental.com.ar\/info\/wp-json\/wp\/v2\/at_biz_dir-category?post=95354"},{"taxonomy":"at_biz_dir-location","embeddable":true,"href":"https:\/\/patagoniambiental.com.ar\/info\/wp-json\/wp\/v2\/at_biz_dir-location?post=95354"},{"taxonomy":"at_biz_dir-tags","embeddable":true,"href":"https:\/\/patagoniambiental.com.ar\/info\/wp-json\/wp\/v2\/at_biz_dir-tags?post=95354"}],"curies":[{"name":"wp","href":"https:\/\/api.w.org\/{rel}","templated":true}]}}