{"id":95432,"date":"2025-05-21T16:15:06","date_gmt":"2025-05-21T19:15:06","guid":{"rendered":"https:\/\/patagoniambiental.com.ar\/info\/?post_type=at_biz_dir&#038;p=95432"},"modified":"2025-05-24T17:14:27","modified_gmt":"2025-05-24T20:14:27","slug":"el-bosque-tallado-museo-a-cielo-abierto","status":"publish","type":"at_biz_dir","link":"https:\/\/patagoniambiental.com.ar\/info\/directory\/el-bosque-tallado-museo-a-cielo-abierto\/","title":{"rendered":"El Bosque Tallado Museo a Cielo Abierto"},"content":{"rendered":"<p>Es un museo a cielo abierto ubicado en la ladera del Cerro Piltriquitr\u00f3n en El Bols\u00f3n, R\u00edo Negro, a 1.400 metros sobre el nivel del mar.<\/p>\n<p>Surgi\u00f3 tras un incendio forestal que afect\u00f3 la zona entre 1978 y 1982, cuando un grupo de escultores transform\u00f3 los \u00e1rboles quemados en m\u00e1s de 60 esculturas de madera, creando un espacio art\u00edstico \u00fanico en el mundo.<\/p>\n<p>El proyecto fue impulsado por el escultor Marcelo L\u00f3pez, quien organiz\u00f3 cinco encuentros nacionales de escultores entre 1998 y 2010 para tallar las obras que hoy forman parte del museo.<\/p>\n<p>El Bosque Tallado es reconocido como patrimonio cultural y tur\u00edstico provincial y nacional, y ofrece un recorrido de dificultad moderada de aproximadamente 2-3 horas, con vistas panor\u00e1micas del valle, la Cordillera de los Andes y lagos cercanos.<\/p>\n","protected":false},"author":8,"comment_status":"closed","ping_status":"closed","template":"","meta":{"site-sidebar-layout":"default","site-content-layout":"","ast-site-content-layout":"default","site-content-style":"default","site-sidebar-style":"default","ast-global-header-display":"","ast-banner-title-visibility":"","ast-main-header-display":"","ast-hfb-above-header-display":"","ast-hfb-below-header-display":"","ast-hfb-mobile-header-display":"","site-post-title":"","ast-breadcrumbs-content":"","ast-featured-img":"","footer-sml-layout":"","ast-disable-related-posts":"","theme-transparent-header-meta":"","adv-header-id-meta":"","stick-header-meta":"","header-above-stick-meta":"","header-main-stick-meta":"","header-below-stick-meta":"","astra-migrate-meta-layouts":"default","ast-page-background-enabled":"default","ast-page-background-meta":{"desktop":{"background-color":"var(--ast-global-color-5)","background-image":"","background-repeat":"repeat","background-position":"center center","background-size":"auto","background-attachment":"scroll","background-type":"","background-media":"","overlay-type":"","overlay-color":"","overlay-opacity":"","overlay-gradient":""},"tablet":{"background-color":"","background-image":"","background-repeat":"repeat","background-position":"center center","background-size":"auto","background-attachment":"scroll","background-type":"","background-media":"","overlay-type":"","overlay-color":"","overlay-opacity":"","overlay-gradient":""},"mobile":{"background-color":"","background-image":"","background-repeat":"repeat","background-position":"center center","background-size":"auto","background-attachment":"scroll","background-type":"","background-media":"","overlay-type":"","overlay-color":"","overlay-opacity":"","overlay-gradient":""}},"ast-content-background-meta":{"desktop":{"background-color":"var(--ast-global-color-4)","background-image":"","background-repeat":"repeat","background-position":"center center","background-size":"auto","background-attachment":"scroll","background-type":"","background-media":"","overlay-type":"","overlay-color":"","overlay-opacity":"","overlay-gradient":""},"tablet":{"background-color":"var(--ast-global-color-4)","background-image":"","background-repeat":"repeat","background-position":"center center","background-size":"auto","background-attachment":"scroll","background-type":"","background-media":"","overlay-type":"","overlay-color":"","overlay-opacity":"","overlay-gradient":""},"mobile":{"background-color":"var(--ast-global-color-4)","background-image":"","background-repeat":"repeat","background-position":"center center","background-size":"auto","background-attachment":"scroll","background-type":"","background-media":"","overlay-type":"","overlay-color":"","overlay-opacity":"","overlay-gradient":""}}},"atbdp_listing_types":[3405],"at_biz_dir-category":[3427],"at_biz_dir-location":[3464,3460],"at_biz_dir-tags":[3433],"class_list":["post-95432","at_biz_dir","type-at_biz_dir","status-publish","has-post-thumbnail","hentry","atbdp_listing_types-business","at_biz_dir-category-ong-ambientales","at_biz_dir-location-el-bolson","at_biz_dir-location-provincia-de-rio-negro","at_biz_dir-tags-ong"],"yoast_head":"<!-- This site is optimized with the Yoast SEO Premium plugin v23.0 (Yoast SEO v27.4) - https:\/\/yoast.com\/product\/yoast-seo-premium-wordpress\/ -->\n<title>El Bosque Tallado Museo a Cielo Abierto - Patagonia Ambiental<\/title>\n<meta name=\"description\" content=\"Es un museo a cielo abierto ubicado en la ladera del Cerro Piltriquitr\u00f3n en El Bols\u00f3n, R\u00edo Negro.\" \/>\n<meta name=\"robots\" content=\"index, follow, max-snippet:-1, max-image-preview:large, max-video-preview:-1\" \/>\n<link rel=\"canonical\" href=\"https:\/\/patagoniambiental.com.ar\/info\/directory\/el-bosque-tallado-museo-a-cielo-abierto\/\" \/>\n<meta property=\"og:locale\" content=\"es_ES\" \/>\n<meta property=\"og:type\" content=\"article\" \/>\n<meta property=\"og:title\" content=\"El Bosque Tallado Museo a Cielo Abierto\" \/>\n<meta property=\"og:description\" content=\"Es un museo a cielo abierto ubicado en la ladera del Cerro Piltriquitr\u00f3n en El Bols\u00f3n, R\u00edo Negro.\" \/>\n<meta property=\"og:url\" content=\"https:\/\/patagoniambiental.com.ar\/info\/directory\/el-bosque-tallado-museo-a-cielo-abierto\/\" \/>\n<meta property=\"og:site_name\" content=\"Patagonia Ambiental\" \/>\n<meta property=\"article:publisher\" content=\"https:\/\/www.facebook.com\/patagonia.ambiental\" \/>\n<meta property=\"article:modified_time\" content=\"2025-05-24T20:14:27+00:00\" \/>\n<meta property=\"og:image\" content=\"https:\/\/patagoniambiental.com.ar\/info\/wp-content\/uploads\/2025\/05\/El-bosque-tallado.jpg\" \/>\n\t<meta property=\"og:image:width\" content=\"960\" \/>\n\t<meta property=\"og:image:height\" content=\"627\" \/>\n\t<meta property=\"og:image:type\" content=\"image\/jpeg\" \/>\n<meta name=\"twitter:card\" content=\"summary_large_image\" \/>\n<meta name=\"twitter:site\" content=\"@PatAmb\" \/>\n<script type=\"application\/ld+json\" class=\"yoast-schema-graph\">{\"@context\":\"https:\\\/\\\/schema.org\",\"@graph\":[{\"@type\":\"WebPage\",\"@id\":\"https:\\\/\\\/patagoniambiental.com.ar\\\/info\\\/directory\\\/el-bosque-tallado-museo-a-cielo-abierto\\\/\",\"url\":\"https:\\\/\\\/patagoniambiental.com.ar\\\/info\\\/directory\\\/el-bosque-tallado-museo-a-cielo-abierto\\\/\",\"name\":\"El Bosque Tallado Museo a Cielo Abierto - Patagonia Ambiental\",\"isPartOf\":{\"@id\":\"https:\\\/\\\/patagoniambiental.com.ar\\\/info\\\/#website\"},\"primaryImageOfPage\":{\"@id\":\"https:\\\/\\\/patagoniambiental.com.ar\\\/info\\\/directory\\\/el-bosque-tallado-museo-a-cielo-abierto\\\/#primaryimage\"},\"image\":{\"@id\":\"https:\\\/\\\/patagoniambiental.com.ar\\\/info\\\/directory\\\/el-bosque-tallado-museo-a-cielo-abierto\\\/#primaryimage\"},\"thumbnailUrl\":\"https:\\\/\\\/patagoniambiental.com.ar\\\/info\\\/wp-content\\\/uploads\\\/2025\\\/05\\\/El-bosque-tallado.jpg\",\"datePublished\":\"2025-05-21T19:15:06+00:00\",\"dateModified\":\"2025-05-24T20:14:27+00:00\",\"description\":\"Es un museo a cielo abierto ubicado en la ladera del Cerro Piltriquitr\u00f3n en El Bols\u00f3n, R\u00edo Negro.\",\"breadcrumb\":{\"@id\":\"https:\\\/\\\/patagoniambiental.com.ar\\\/info\\\/directory\\\/el-bosque-tallado-museo-a-cielo-abierto\\\/#breadcrumb\"},\"inLanguage\":\"es\",\"potentialAction\":[{\"@type\":\"ReadAction\",\"target\":[\"https:\\\/\\\/patagoniambiental.com.ar\\\/info\\\/directory\\\/el-bosque-tallado-museo-a-cielo-abierto\\\/\"]}]},{\"@type\":\"ImageObject\",\"inLanguage\":\"es\",\"@id\":\"https:\\\/\\\/patagoniambiental.com.ar\\\/info\\\/directory\\\/el-bosque-tallado-museo-a-cielo-abierto\\\/#primaryimage\",\"url\":\"https:\\\/\\\/patagoniambiental.com.ar\\\/info\\\/wp-content\\\/uploads\\\/2025\\\/05\\\/El-bosque-tallado.jpg\",\"contentUrl\":\"https:\\\/\\\/patagoniambiental.com.ar\\\/info\\\/wp-content\\\/uploads\\\/2025\\\/05\\\/El-bosque-tallado.jpg\",\"width\":960,\"height\":627,\"caption\":\"El bosque tallado\"},{\"@type\":\"BreadcrumbList\",\"@id\":\"https:\\\/\\\/patagoniambiental.com.ar\\\/info\\\/directory\\\/el-bosque-tallado-museo-a-cielo-abierto\\\/#breadcrumb\",\"itemListElement\":[{\"@type\":\"ListItem\",\"position\":1,\"name\":\"Inicio\",\"item\":\"https:\\\/\\\/patagoniambiental.com.ar\\\/info\\\/\"},{\"@type\":\"ListItem\",\"position\":2,\"name\":\"El Bosque Tallado Museo a Cielo Abierto\"}]},{\"@type\":\"WebSite\",\"@id\":\"https:\\\/\\\/patagoniambiental.com.ar\\\/info\\\/#website\",\"url\":\"https:\\\/\\\/patagoniambiental.com.ar\\\/info\\\/\",\"name\":\"Patagonia Ambiental\",\"description\":\"Monitoreo y an\u00e1lisis de la situaci\u00f3n geopol\u00edtica en el mundo y su implicancia en la Patagonia\",\"publisher\":{\"@id\":\"https:\\\/\\\/patagoniambiental.com.ar\\\/info\\\/#organization\"},\"potentialAction\":[{\"@type\":\"SearchAction\",\"target\":{\"@type\":\"EntryPoint\",\"urlTemplate\":\"https:\\\/\\\/patagoniambiental.com.ar\\\/info\\\/?s={search_term_string}\"},\"query-input\":{\"@type\":\"PropertyValueSpecification\",\"valueRequired\":true,\"valueName\":\"search_term_string\"}}],\"inLanguage\":\"es\"},{\"@type\":\"Organization\",\"@id\":\"https:\\\/\\\/patagoniambiental.com.ar\\\/info\\\/#organization\",\"name\":\"Patagonia Ambiental\",\"url\":\"https:\\\/\\\/patagoniambiental.com.ar\\\/info\\\/\",\"logo\":{\"@type\":\"ImageObject\",\"inLanguage\":\"es\",\"@id\":\"https:\\\/\\\/patagoniambiental.com.ar\\\/info\\\/#\\\/schema\\\/logo\\\/image\\\/\",\"url\":\"https:\\\/\\\/patagoniambiental.com.ar\\\/info\\\/wp-content\\\/uploads\\\/2025\\\/05\\\/LOGO-PATAGONIA-AMBIENTAL.png\",\"contentUrl\":\"https:\\\/\\\/patagoniambiental.com.ar\\\/info\\\/wp-content\\\/uploads\\\/2025\\\/05\\\/LOGO-PATAGONIA-AMBIENTAL.png\",\"width\":433,\"height\":250,\"caption\":\"Patagonia Ambiental\"},\"image\":{\"@id\":\"https:\\\/\\\/patagoniambiental.com.ar\\\/info\\\/#\\\/schema\\\/logo\\\/image\\\/\"},\"sameAs\":[\"https:\\\/\\\/www.facebook.com\\\/patagonia.ambiental\",\"https:\\\/\\\/x.com\\\/PatAmb\"]}]}<\/script>\n<!-- \/ Yoast SEO Premium plugin. -->","yoast_head_json":{"title":"El Bosque Tallado Museo a Cielo Abierto - Patagonia Ambiental","description":"Es un museo a cielo abierto ubicado en la ladera del Cerro Piltriquitr\u00f3n en El Bols\u00f3n, R\u00edo Negro.","robots":{"index":"index","follow":"follow","max-snippet":"max-snippet:-1","max-image-preview":"max-image-preview:large","max-video-preview":"max-video-preview:-1"},"canonical":"https:\/\/patagoniambiental.com.ar\/info\/directory\/el-bosque-tallado-museo-a-cielo-abierto\/","og_locale":"es_ES","og_type":"article","og_title":"El Bosque Tallado Museo a Cielo Abierto","og_description":"Es un museo a cielo abierto ubicado en la ladera del Cerro Piltriquitr\u00f3n en El Bols\u00f3n, R\u00edo Negro.","og_url":"https:\/\/patagoniambiental.com.ar\/info\/directory\/el-bosque-tallado-museo-a-cielo-abierto\/","og_site_name":"Patagonia Ambiental","article_publisher":"https:\/\/www.facebook.com\/patagonia.ambiental","article_modified_time":"2025-05-24T20:14:27+00:00","og_image":[{"width":960,"height":627,"url":"https:\/\/patagoniambiental.com.ar\/info\/wp-content\/uploads\/2025\/05\/El-bosque-tallado.jpg","type":"image\/jpeg"}],"twitter_card":"summary_large_image","twitter_site":"@PatAmb","schema":{"@context":"https:\/\/schema.org","@graph":[{"@type":"WebPage","@id":"https:\/\/patagoniambiental.com.ar\/info\/directory\/el-bosque-tallado-museo-a-cielo-abierto\/","url":"https:\/\/patagoniambiental.com.ar\/info\/directory\/el-bosque-tallado-museo-a-cielo-abierto\/","name":"El Bosque Tallado Museo a Cielo Abierto - Patagonia Ambiental","isPartOf":{"@id":"https:\/\/patagoniambiental.com.ar\/info\/#website"},"primaryImageOfPage":{"@id":"https:\/\/patagoniambiental.com.ar\/info\/directory\/el-bosque-tallado-museo-a-cielo-abierto\/#primaryimage"},"image":{"@id":"https:\/\/patagoniambiental.com.ar\/info\/directory\/el-bosque-tallado-museo-a-cielo-abierto\/#primaryimage"},"thumbnailUrl":"https:\/\/patagoniambiental.com.ar\/info\/wp-content\/uploads\/2025\/05\/El-bosque-tallado.jpg","datePublished":"2025-05-21T19:15:06+00:00","dateModified":"2025-05-24T20:14:27+00:00","description":"Es un museo a cielo abierto ubicado en la ladera del Cerro Piltriquitr\u00f3n en El Bols\u00f3n, R\u00edo Negro.","breadcrumb":{"@id":"https:\/\/patagoniambiental.com.ar\/info\/directory\/el-bosque-tallado-museo-a-cielo-abierto\/#breadcrumb"},"inLanguage":"es","potentialAction":[{"@type":"ReadAction","target":["https:\/\/patagoniambiental.com.ar\/info\/directory\/el-bosque-tallado-museo-a-cielo-abierto\/"]}]},{"@type":"ImageObject","inLanguage":"es","@id":"https:\/\/patagoniambiental.com.ar\/info\/directory\/el-bosque-tallado-museo-a-cielo-abierto\/#primaryimage","url":"https:\/\/patagoniambiental.com.ar\/info\/wp-content\/uploads\/2025\/05\/El-bosque-tallado.jpg","contentUrl":"https:\/\/patagoniambiental.com.ar\/info\/wp-content\/uploads\/2025\/05\/El-bosque-tallado.jpg","width":960,"height":627,"caption":"El bosque tallado"},{"@type":"BreadcrumbList","@id":"https:\/\/patagoniambiental.com.ar\/info\/directory\/el-bosque-tallado-museo-a-cielo-abierto\/#breadcrumb","itemListElement":[{"@type":"ListItem","position":1,"name":"Inicio","item":"https:\/\/patagoniambiental.com.ar\/info\/"},{"@type":"ListItem","position":2,"name":"El Bosque Tallado Museo a Cielo Abierto"}]},{"@type":"WebSite","@id":"https:\/\/patagoniambiental.com.ar\/info\/#website","url":"https:\/\/patagoniambiental.com.ar\/info\/","name":"Patagonia Ambiental","description":"Monitoreo y an\u00e1lisis de la situaci\u00f3n geopol\u00edtica en el mundo y su implicancia en la Patagonia","publisher":{"@id":"https:\/\/patagoniambiental.com.ar\/info\/#organization"},"potentialAction":[{"@type":"SearchAction","target":{"@type":"EntryPoint","urlTemplate":"https:\/\/patagoniambiental.com.ar\/info\/?s={search_term_string}"},"query-input":{"@type":"PropertyValueSpecification","valueRequired":true,"valueName":"search_term_string"}}],"inLanguage":"es"},{"@type":"Organization","@id":"https:\/\/patagoniambiental.com.ar\/info\/#organization","name":"Patagonia Ambiental","url":"https:\/\/patagoniambiental.com.ar\/info\/","logo":{"@type":"ImageObject","inLanguage":"es","@id":"https:\/\/patagoniambiental.com.ar\/info\/#\/schema\/logo\/image\/","url":"https:\/\/patagoniambiental.com.ar\/info\/wp-content\/uploads\/2025\/05\/LOGO-PATAGONIA-AMBIENTAL.png","contentUrl":"https:\/\/patagoniambiental.com.ar\/info\/wp-content\/uploads\/2025\/05\/LOGO-PATAGONIA-AMBIENTAL.png","width":433,"height":250,"caption":"Patagonia Ambiental"},"image":{"@id":"https:\/\/patagoniambiental.com.ar\/info\/#\/schema\/logo\/image\/"},"sameAs":["https:\/\/www.facebook.com\/patagonia.ambiental","https:\/\/x.com\/PatAmb"]}]}},"_links":{"self":[{"href":"https:\/\/patagoniambiental.com.ar\/info\/wp-json\/wp\/v2\/at_biz_dir\/95432","targetHints":{"allow":["GET"]}}],"collection":[{"href":"https:\/\/patagoniambiental.com.ar\/info\/wp-json\/wp\/v2\/at_biz_dir"}],"about":[{"href":"https:\/\/patagoniambiental.com.ar\/info\/wp-json\/wp\/v2\/types\/at_biz_dir"}],"author":[{"embeddable":true,"href":"https:\/\/patagoniambiental.com.ar\/info\/wp-json\/wp\/v2\/users\/8"}],"replies":[{"embeddable":true,"href":"https:\/\/patagoniambiental.com.ar\/info\/wp-json\/wp\/v2\/comments?post=95432"}],"wp:featuredmedia":[{"embeddable":true,"href":"https:\/\/patagoniambiental.com.ar\/info\/wp-json\/wp\/v2\/media\/95433"}],"wp:attachment":[{"href":"https:\/\/patagoniambiental.com.ar\/info\/wp-json\/wp\/v2\/media?parent=95432"}],"wp:term":[{"taxonomy":"atbdp_listing_types","embeddable":true,"href":"https:\/\/patagoniambiental.com.ar\/info\/wp-json\/wp\/v2\/atbdp_listing_types?post=95432"},{"taxonomy":"at_biz_dir-category","embeddable":true,"href":"https:\/\/patagoniambiental.com.ar\/info\/wp-json\/wp\/v2\/at_biz_dir-category?post=95432"},{"taxonomy":"at_biz_dir-location","embeddable":true,"href":"https:\/\/patagoniambiental.com.ar\/info\/wp-json\/wp\/v2\/at_biz_dir-location?post=95432"},{"taxonomy":"at_biz_dir-tags","embeddable":true,"href":"https:\/\/patagoniambiental.com.ar\/info\/wp-json\/wp\/v2\/at_biz_dir-tags?post=95432"}],"curies":[{"name":"wp","href":"https:\/\/api.w.org\/{rel}","templated":true}]}}