{"id":95713,"date":"2025-05-26T19:46:50","date_gmt":"2025-05-26T22:46:50","guid":{"rendered":"https:\/\/patagoniambiental.com.ar\/info\/?post_type=at_biz_dir&#038;p=95713"},"modified":"2025-05-26T19:46:50","modified_gmt":"2025-05-26T22:46:50","slug":"asociacion-ambiente-sur","status":"publish","type":"at_biz_dir","link":"https:\/\/patagoniambiental.com.ar\/info\/directory\/asociacion-ambiente-sur\/","title":{"rendered":"Asociaci\u00f3n Ambiente Sur"},"content":{"rendered":"<p>Dedicada a la conservaci\u00f3n del ambiente local y la educaci\u00f3n ambiental con participaci\u00f3n ciudadana.<br \/>\nTrabajan en la protecci\u00f3n de especies como el Mac\u00e1 Tobiano, la conservaci\u00f3n de aves playeras migratorias y la preservaci\u00f3n de reservas naturales urbanas que mejoran la calidad de vida. Adem\u00e1s, gestionan el Centro de Interpretaci\u00f3n Ambiental del Estuario del r\u00edo Gallegos, un espacio educativo con m\u00f3dulos interactivos para toda la comunidad. Su<br \/>\nlabor incluye campa\u00f1as de sensibilizaci\u00f3n, actividades educativas y promoci\u00f3n de la conservaci\u00f3n del estuario y sus ecosistemas.<\/p>\n","protected":false},"author":8,"comment_status":"closed","ping_status":"closed","template":"","meta":{"site-sidebar-layout":"default","site-content-layout":"","ast-site-content-layout":"default","site-content-style":"default","site-sidebar-style":"default","ast-global-header-display":"","ast-banner-title-visibility":"","ast-main-header-display":"","ast-hfb-above-header-display":"","ast-hfb-below-header-display":"","ast-hfb-mobile-header-display":"","site-post-title":"","ast-breadcrumbs-content":"","ast-featured-img":"","footer-sml-layout":"","ast-disable-related-posts":"","theme-transparent-header-meta":"default","adv-header-id-meta":"","stick-header-meta":"","header-above-stick-meta":"","header-main-stick-meta":"","header-below-stick-meta":"","astra-migrate-meta-layouts":"set","ast-page-background-enabled":"default","ast-page-background-meta":{"desktop":{"background-color":"var(--ast-global-color-5)","background-image":"","background-repeat":"repeat","background-position":"center center","background-size":"auto","background-attachment":"scroll","background-type":"","background-media":"","overlay-type":"","overlay-color":"","overlay-opacity":"","overlay-gradient":""},"tablet":{"background-color":"","background-image":"","background-repeat":"repeat","background-position":"center center","background-size":"auto","background-attachment":"scroll","background-type":"","background-media":"","overlay-type":"","overlay-color":"","overlay-opacity":"","overlay-gradient":""},"mobile":{"background-color":"","background-image":"","background-repeat":"repeat","background-position":"center center","background-size":"auto","background-attachment":"scroll","background-type":"","background-media":"","overlay-type":"","overlay-color":"","overlay-opacity":"","overlay-gradient":""}},"ast-content-background-meta":{"desktop":{"background-color":"var(--ast-global-color-4)","background-image":"","background-repeat":"repeat","background-position":"center center","background-size":"auto","background-attachment":"scroll","background-type":"","background-media":"","overlay-type":"","overlay-color":"","overlay-opacity":"","overlay-gradient":""},"tablet":{"background-color":"var(--ast-global-color-4)","background-image":"","background-repeat":"repeat","background-position":"center center","background-size":"auto","background-attachment":"scroll","background-type":"","background-media":"","overlay-type":"","overlay-color":"","overlay-opacity":"","overlay-gradient":""},"mobile":{"background-color":"var(--ast-global-color-4)","background-image":"","background-repeat":"repeat","background-position":"center center","background-size":"auto","background-attachment":"scroll","background-type":"","background-media":"","overlay-type":"","overlay-color":"","overlay-opacity":"","overlay-gradient":""}}},"atbdp_listing_types":[3405],"at_biz_dir-category":[3427],"at_biz_dir-location":[3472,3473],"at_biz_dir-tags":[3433],"class_list":["post-95713","at_biz_dir","type-at_biz_dir","status-publish","has-post-thumbnail","hentry","atbdp_listing_types-business","at_biz_dir-category-ong-ambientales","at_biz_dir-location-provincia-de-santa-cruz","at_biz_dir-location-rio-gallegos","at_biz_dir-tags-ong"],"yoast_head":"<!-- This site is optimized with the Yoast SEO Premium plugin v23.0 (Yoast SEO v27.4) - https:\/\/yoast.com\/product\/yoast-seo-premium-wordpress\/ -->\n<title>Asociaci\u00f3n Ambiente Sur - Patagonia Ambiental<\/title>\n<meta name=\"description\" content=\"Dedicada a la conservaci\u00f3n del ambiente local y la educaci\u00f3n ambiental con participaci\u00f3n ciudadana.\" \/>\n<meta name=\"robots\" content=\"index, follow, max-snippet:-1, max-image-preview:large, max-video-preview:-1\" \/>\n<link rel=\"canonical\" href=\"https:\/\/patagoniambiental.com.ar\/info\/directory\/asociacion-ambiente-sur\/\" \/>\n<meta property=\"og:locale\" content=\"es_ES\" \/>\n<meta property=\"og:type\" content=\"article\" \/>\n<meta property=\"og:title\" content=\"Asociaci\u00f3n Ambiente Sur\" \/>\n<meta property=\"og:description\" content=\"Dedicada a la conservaci\u00f3n del ambiente local y la educaci\u00f3n ambiental con participaci\u00f3n ciudadana.\" \/>\n<meta property=\"og:url\" content=\"https:\/\/patagoniambiental.com.ar\/info\/directory\/asociacion-ambiente-sur\/\" \/>\n<meta property=\"og:site_name\" content=\"Patagonia Ambiental\" \/>\n<meta property=\"article:publisher\" content=\"https:\/\/www.facebook.com\/patagonia.ambiental\" \/>\n<meta property=\"og:image\" content=\"https:\/\/patagoniambiental.com.ar\/info\/wp-content\/uploads\/2025\/05\/Asociacion-Ambiente-Sur-Portada.jpg\" \/>\n\t<meta property=\"og:image:width\" content=\"851\" \/>\n\t<meta property=\"og:image:height\" content=\"315\" \/>\n\t<meta property=\"og:image:type\" content=\"image\/jpeg\" \/>\n<meta name=\"twitter:card\" content=\"summary_large_image\" \/>\n<meta name=\"twitter:site\" content=\"@PatAmb\" \/>\n<script type=\"application\/ld+json\" class=\"yoast-schema-graph\">{\"@context\":\"https:\\\/\\\/schema.org\",\"@graph\":[{\"@type\":\"WebPage\",\"@id\":\"https:\\\/\\\/patagoniambiental.com.ar\\\/info\\\/directory\\\/asociacion-ambiente-sur\\\/\",\"url\":\"https:\\\/\\\/patagoniambiental.com.ar\\\/info\\\/directory\\\/asociacion-ambiente-sur\\\/\",\"name\":\"Asociaci\u00f3n Ambiente Sur - Patagonia Ambiental\",\"isPartOf\":{\"@id\":\"https:\\\/\\\/patagoniambiental.com.ar\\\/info\\\/#website\"},\"primaryImageOfPage\":{\"@id\":\"https:\\\/\\\/patagoniambiental.com.ar\\\/info\\\/directory\\\/asociacion-ambiente-sur\\\/#primaryimage\"},\"image\":{\"@id\":\"https:\\\/\\\/patagoniambiental.com.ar\\\/info\\\/directory\\\/asociacion-ambiente-sur\\\/#primaryimage\"},\"thumbnailUrl\":\"https:\\\/\\\/patagoniambiental.com.ar\\\/info\\\/wp-content\\\/uploads\\\/2025\\\/05\\\/Asociacion-Ambiente-Sur-Portada.jpg\",\"datePublished\":\"2025-05-26T22:46:50+00:00\",\"description\":\"Dedicada a la conservaci\u00f3n del ambiente local y la educaci\u00f3n ambiental con participaci\u00f3n ciudadana.\",\"breadcrumb\":{\"@id\":\"https:\\\/\\\/patagoniambiental.com.ar\\\/info\\\/directory\\\/asociacion-ambiente-sur\\\/#breadcrumb\"},\"inLanguage\":\"es\",\"potentialAction\":[{\"@type\":\"ReadAction\",\"target\":[\"https:\\\/\\\/patagoniambiental.com.ar\\\/info\\\/directory\\\/asociacion-ambiente-sur\\\/\"]}]},{\"@type\":\"ImageObject\",\"inLanguage\":\"es\",\"@id\":\"https:\\\/\\\/patagoniambiental.com.ar\\\/info\\\/directory\\\/asociacion-ambiente-sur\\\/#primaryimage\",\"url\":\"https:\\\/\\\/patagoniambiental.com.ar\\\/info\\\/wp-content\\\/uploads\\\/2025\\\/05\\\/Asociacion-Ambiente-Sur-Portada.jpg\",\"contentUrl\":\"https:\\\/\\\/patagoniambiental.com.ar\\\/info\\\/wp-content\\\/uploads\\\/2025\\\/05\\\/Asociacion-Ambiente-Sur-Portada.jpg\",\"width\":851,\"height\":315,\"caption\":\"Asociaci\u00f3n Ambiente Sur - Directorio Ambiental\"},{\"@type\":\"BreadcrumbList\",\"@id\":\"https:\\\/\\\/patagoniambiental.com.ar\\\/info\\\/directory\\\/asociacion-ambiente-sur\\\/#breadcrumb\",\"itemListElement\":[{\"@type\":\"ListItem\",\"position\":1,\"name\":\"Inicio\",\"item\":\"https:\\\/\\\/patagoniambiental.com.ar\\\/info\\\/\"},{\"@type\":\"ListItem\",\"position\":2,\"name\":\"Asociaci\u00f3n Ambiente Sur\"}]},{\"@type\":\"WebSite\",\"@id\":\"https:\\\/\\\/patagoniambiental.com.ar\\\/info\\\/#website\",\"url\":\"https:\\\/\\\/patagoniambiental.com.ar\\\/info\\\/\",\"name\":\"Patagonia Ambiental\",\"description\":\"Monitoreo y an\u00e1lisis de la situaci\u00f3n geopol\u00edtica en el mundo y su implicancia en la Patagonia\",\"publisher\":{\"@id\":\"https:\\\/\\\/patagoniambiental.com.ar\\\/info\\\/#organization\"},\"potentialAction\":[{\"@type\":\"SearchAction\",\"target\":{\"@type\":\"EntryPoint\",\"urlTemplate\":\"https:\\\/\\\/patagoniambiental.com.ar\\\/info\\\/?s={search_term_string}\"},\"query-input\":{\"@type\":\"PropertyValueSpecification\",\"valueRequired\":true,\"valueName\":\"search_term_string\"}}],\"inLanguage\":\"es\"},{\"@type\":\"Organization\",\"@id\":\"https:\\\/\\\/patagoniambiental.com.ar\\\/info\\\/#organization\",\"name\":\"Patagonia Ambiental\",\"url\":\"https:\\\/\\\/patagoniambiental.com.ar\\\/info\\\/\",\"logo\":{\"@type\":\"ImageObject\",\"inLanguage\":\"es\",\"@id\":\"https:\\\/\\\/patagoniambiental.com.ar\\\/info\\\/#\\\/schema\\\/logo\\\/image\\\/\",\"url\":\"https:\\\/\\\/patagoniambiental.com.ar\\\/info\\\/wp-content\\\/uploads\\\/2025\\\/05\\\/LOGO-PATAGONIA-AMBIENTAL.png\",\"contentUrl\":\"https:\\\/\\\/patagoniambiental.com.ar\\\/info\\\/wp-content\\\/uploads\\\/2025\\\/05\\\/LOGO-PATAGONIA-AMBIENTAL.png\",\"width\":433,\"height\":250,\"caption\":\"Patagonia Ambiental\"},\"image\":{\"@id\":\"https:\\\/\\\/patagoniambiental.com.ar\\\/info\\\/#\\\/schema\\\/logo\\\/image\\\/\"},\"sameAs\":[\"https:\\\/\\\/www.facebook.com\\\/patagonia.ambiental\",\"https:\\\/\\\/x.com\\\/PatAmb\"]}]}<\/script>\n<!-- \/ Yoast SEO Premium plugin. -->","yoast_head_json":{"title":"Asociaci\u00f3n Ambiente Sur - Patagonia Ambiental","description":"Dedicada a la conservaci\u00f3n del ambiente local y la educaci\u00f3n ambiental con participaci\u00f3n ciudadana.","robots":{"index":"index","follow":"follow","max-snippet":"max-snippet:-1","max-image-preview":"max-image-preview:large","max-video-preview":"max-video-preview:-1"},"canonical":"https:\/\/patagoniambiental.com.ar\/info\/directory\/asociacion-ambiente-sur\/","og_locale":"es_ES","og_type":"article","og_title":"Asociaci\u00f3n Ambiente Sur","og_description":"Dedicada a la conservaci\u00f3n del ambiente local y la educaci\u00f3n ambiental con participaci\u00f3n ciudadana.","og_url":"https:\/\/patagoniambiental.com.ar\/info\/directory\/asociacion-ambiente-sur\/","og_site_name":"Patagonia Ambiental","article_publisher":"https:\/\/www.facebook.com\/patagonia.ambiental","og_image":[{"width":851,"height":315,"url":"https:\/\/patagoniambiental.com.ar\/info\/wp-content\/uploads\/2025\/05\/Asociacion-Ambiente-Sur-Portada.jpg","type":"image\/jpeg"}],"twitter_card":"summary_large_image","twitter_site":"@PatAmb","schema":{"@context":"https:\/\/schema.org","@graph":[{"@type":"WebPage","@id":"https:\/\/patagoniambiental.com.ar\/info\/directory\/asociacion-ambiente-sur\/","url":"https:\/\/patagoniambiental.com.ar\/info\/directory\/asociacion-ambiente-sur\/","name":"Asociaci\u00f3n Ambiente Sur - Patagonia Ambiental","isPartOf":{"@id":"https:\/\/patagoniambiental.com.ar\/info\/#website"},"primaryImageOfPage":{"@id":"https:\/\/patagoniambiental.com.ar\/info\/directory\/asociacion-ambiente-sur\/#primaryimage"},"image":{"@id":"https:\/\/patagoniambiental.com.ar\/info\/directory\/asociacion-ambiente-sur\/#primaryimage"},"thumbnailUrl":"https:\/\/patagoniambiental.com.ar\/info\/wp-content\/uploads\/2025\/05\/Asociacion-Ambiente-Sur-Portada.jpg","datePublished":"2025-05-26T22:46:50+00:00","description":"Dedicada a la conservaci\u00f3n del ambiente local y la educaci\u00f3n ambiental con participaci\u00f3n ciudadana.","breadcrumb":{"@id":"https:\/\/patagoniambiental.com.ar\/info\/directory\/asociacion-ambiente-sur\/#breadcrumb"},"inLanguage":"es","potentialAction":[{"@type":"ReadAction","target":["https:\/\/patagoniambiental.com.ar\/info\/directory\/asociacion-ambiente-sur\/"]}]},{"@type":"ImageObject","inLanguage":"es","@id":"https:\/\/patagoniambiental.com.ar\/info\/directory\/asociacion-ambiente-sur\/#primaryimage","url":"https:\/\/patagoniambiental.com.ar\/info\/wp-content\/uploads\/2025\/05\/Asociacion-Ambiente-Sur-Portada.jpg","contentUrl":"https:\/\/patagoniambiental.com.ar\/info\/wp-content\/uploads\/2025\/05\/Asociacion-Ambiente-Sur-Portada.jpg","width":851,"height":315,"caption":"Asociaci\u00f3n Ambiente Sur - Directorio Ambiental"},{"@type":"BreadcrumbList","@id":"https:\/\/patagoniambiental.com.ar\/info\/directory\/asociacion-ambiente-sur\/#breadcrumb","itemListElement":[{"@type":"ListItem","position":1,"name":"Inicio","item":"https:\/\/patagoniambiental.com.ar\/info\/"},{"@type":"ListItem","position":2,"name":"Asociaci\u00f3n Ambiente Sur"}]},{"@type":"WebSite","@id":"https:\/\/patagoniambiental.com.ar\/info\/#website","url":"https:\/\/patagoniambiental.com.ar\/info\/","name":"Patagonia Ambiental","description":"Monitoreo y an\u00e1lisis de la situaci\u00f3n geopol\u00edtica en el mundo y su implicancia en la Patagonia","publisher":{"@id":"https:\/\/patagoniambiental.com.ar\/info\/#organization"},"potentialAction":[{"@type":"SearchAction","target":{"@type":"EntryPoint","urlTemplate":"https:\/\/patagoniambiental.com.ar\/info\/?s={search_term_string}"},"query-input":{"@type":"PropertyValueSpecification","valueRequired":true,"valueName":"search_term_string"}}],"inLanguage":"es"},{"@type":"Organization","@id":"https:\/\/patagoniambiental.com.ar\/info\/#organization","name":"Patagonia Ambiental","url":"https:\/\/patagoniambiental.com.ar\/info\/","logo":{"@type":"ImageObject","inLanguage":"es","@id":"https:\/\/patagoniambiental.com.ar\/info\/#\/schema\/logo\/image\/","url":"https:\/\/patagoniambiental.com.ar\/info\/wp-content\/uploads\/2025\/05\/LOGO-PATAGONIA-AMBIENTAL.png","contentUrl":"https:\/\/patagoniambiental.com.ar\/info\/wp-content\/uploads\/2025\/05\/LOGO-PATAGONIA-AMBIENTAL.png","width":433,"height":250,"caption":"Patagonia Ambiental"},"image":{"@id":"https:\/\/patagoniambiental.com.ar\/info\/#\/schema\/logo\/image\/"},"sameAs":["https:\/\/www.facebook.com\/patagonia.ambiental","https:\/\/x.com\/PatAmb"]}]}},"_links":{"self":[{"href":"https:\/\/patagoniambiental.com.ar\/info\/wp-json\/wp\/v2\/at_biz_dir\/95713","targetHints":{"allow":["GET"]}}],"collection":[{"href":"https:\/\/patagoniambiental.com.ar\/info\/wp-json\/wp\/v2\/at_biz_dir"}],"about":[{"href":"https:\/\/patagoniambiental.com.ar\/info\/wp-json\/wp\/v2\/types\/at_biz_dir"}],"author":[{"embeddable":true,"href":"https:\/\/patagoniambiental.com.ar\/info\/wp-json\/wp\/v2\/users\/8"}],"replies":[{"embeddable":true,"href":"https:\/\/patagoniambiental.com.ar\/info\/wp-json\/wp\/v2\/comments?post=95713"}],"wp:featuredmedia":[{"embeddable":true,"href":"https:\/\/patagoniambiental.com.ar\/info\/wp-json\/wp\/v2\/media\/95715"}],"wp:attachment":[{"href":"https:\/\/patagoniambiental.com.ar\/info\/wp-json\/wp\/v2\/media?parent=95713"}],"wp:term":[{"taxonomy":"atbdp_listing_types","embeddable":true,"href":"https:\/\/patagoniambiental.com.ar\/info\/wp-json\/wp\/v2\/atbdp_listing_types?post=95713"},{"taxonomy":"at_biz_dir-category","embeddable":true,"href":"https:\/\/patagoniambiental.com.ar\/info\/wp-json\/wp\/v2\/at_biz_dir-category?post=95713"},{"taxonomy":"at_biz_dir-location","embeddable":true,"href":"https:\/\/patagoniambiental.com.ar\/info\/wp-json\/wp\/v2\/at_biz_dir-location?post=95713"},{"taxonomy":"at_biz_dir-tags","embeddable":true,"href":"https:\/\/patagoniambiental.com.ar\/info\/wp-json\/wp\/v2\/at_biz_dir-tags?post=95713"}],"curies":[{"name":"wp","href":"https:\/\/api.w.org\/{rel}","templated":true}]}}