{"id":95718,"date":"2025-05-26T20:26:08","date_gmt":"2025-05-26T23:26:08","guid":{"rendered":"https:\/\/patagoniambiental.com.ar\/info\/?post_type=at_biz_dir&#038;p=95718"},"modified":"2025-05-26T20:26:08","modified_gmt":"2025-05-26T23:26:08","slug":"fundacion-chadileuvu","status":"publish","type":"at_biz_dir","link":"https:\/\/patagoniambiental.com.ar\/info\/directory\/fundacion-chadileuvu\/","title":{"rendered":"Fundaci\u00f3n Chadileuv\u00fa"},"content":{"rendered":"<p>Es una organizaci\u00f3n ciudadana fundada en 1984 en Santa Rosa, La Pampa, dedicada a la defensa y gesti\u00f3n sustentable de los recursos h\u00eddricos y ecosistemas provinciales.<\/p>\n<p>Su misi\u00f3n incluye el estudio, divulgaci\u00f3n y promoci\u00f3n de la participaci\u00f3n comunitaria para la protecci\u00f3n del agua, la biodiversidad y la calidad ambiental. Trabaja en colaboraci\u00f3n con autoridades y la comunidad para preservar los r\u00edos y promover la educaci\u00f3n ambiental, impulsando acciones que aseguren la sostenibilidad y el bienestar futuro de la regi\u00f3n.<\/p>\n","protected":false},"author":8,"comment_status":"closed","ping_status":"closed","template":"","meta":{"site-sidebar-layout":"default","site-content-layout":"","ast-site-content-layout":"default","site-content-style":"default","site-sidebar-style":"default","ast-global-header-display":"","ast-banner-title-visibility":"","ast-main-header-display":"","ast-hfb-above-header-display":"","ast-hfb-below-header-display":"","ast-hfb-mobile-header-display":"","site-post-title":"","ast-breadcrumbs-content":"","ast-featured-img":"","footer-sml-layout":"","ast-disable-related-posts":"","theme-transparent-header-meta":"default","adv-header-id-meta":"","stick-header-meta":"","header-above-stick-meta":"","header-main-stick-meta":"","header-below-stick-meta":"","astra-migrate-meta-layouts":"set","ast-page-background-enabled":"default","ast-page-background-meta":{"desktop":{"background-color":"var(--ast-global-color-5)","background-image":"","background-repeat":"repeat","background-position":"center center","background-size":"auto","background-attachment":"scroll","background-type":"","background-media":"","overlay-type":"","overlay-color":"","overlay-opacity":"","overlay-gradient":""},"tablet":{"background-color":"","background-image":"","background-repeat":"repeat","background-position":"center center","background-size":"auto","background-attachment":"scroll","background-type":"","background-media":"","overlay-type":"","overlay-color":"","overlay-opacity":"","overlay-gradient":""},"mobile":{"background-color":"","background-image":"","background-repeat":"repeat","background-position":"center center","background-size":"auto","background-attachment":"scroll","background-type":"","background-media":"","overlay-type":"","overlay-color":"","overlay-opacity":"","overlay-gradient":""}},"ast-content-background-meta":{"desktop":{"background-color":"var(--ast-global-color-4)","background-image":"","background-repeat":"repeat","background-position":"center center","background-size":"auto","background-attachment":"scroll","background-type":"","background-media":"","overlay-type":"","overlay-color":"","overlay-opacity":"","overlay-gradient":""},"tablet":{"background-color":"var(--ast-global-color-4)","background-image":"","background-repeat":"repeat","background-position":"center center","background-size":"auto","background-attachment":"scroll","background-type":"","background-media":"","overlay-type":"","overlay-color":"","overlay-opacity":"","overlay-gradient":""},"mobile":{"background-color":"var(--ast-global-color-4)","background-image":"","background-repeat":"repeat","background-position":"center center","background-size":"auto","background-attachment":"scroll","background-type":"","background-media":"","overlay-type":"","overlay-color":"","overlay-opacity":"","overlay-gradient":""}}},"atbdp_listing_types":[3405],"at_biz_dir-category":[3427],"at_biz_dir-location":[3476,3477],"at_biz_dir-tags":[3433],"class_list":["post-95718","at_biz_dir","type-at_biz_dir","status-publish","has-post-thumbnail","hentry","atbdp_listing_types-business","at_biz_dir-category-ong-ambientales","at_biz_dir-location-provincia-de-la-pampa","at_biz_dir-location-santa-rosa","at_biz_dir-tags-ong"],"yoast_head":"<!-- This site is optimized with the Yoast SEO Premium plugin v23.0 (Yoast SEO v27.4) - https:\/\/yoast.com\/product\/yoast-seo-premium-wordpress\/ -->\n<title>Fundaci\u00f3n Chadileuv\u00fa - Patagonia Ambiental<\/title>\n<meta name=\"description\" content=\"Estudio, divulgaci\u00f3n y promoci\u00f3n de la participaci\u00f3n comunitaria para la protecci\u00f3n del agua, la biodiversidad y la calidad ambiental.\" \/>\n<meta name=\"robots\" content=\"index, follow, max-snippet:-1, max-image-preview:large, max-video-preview:-1\" \/>\n<link rel=\"canonical\" href=\"https:\/\/patagoniambiental.com.ar\/info\/directory\/fundacion-chadileuvu\/\" \/>\n<meta property=\"og:locale\" content=\"es_ES\" \/>\n<meta property=\"og:type\" content=\"article\" \/>\n<meta property=\"og:title\" content=\"Fundaci\u00f3n Chadileuv\u00fa\" \/>\n<meta property=\"og:description\" content=\"Estudio, divulgaci\u00f3n y promoci\u00f3n de la participaci\u00f3n comunitaria para la protecci\u00f3n del agua, la biodiversidad y la calidad ambiental.\" \/>\n<meta property=\"og:url\" content=\"https:\/\/patagoniambiental.com.ar\/info\/directory\/fundacion-chadileuvu\/\" \/>\n<meta property=\"og:site_name\" content=\"Patagonia Ambiental\" \/>\n<meta property=\"article:publisher\" content=\"https:\/\/www.facebook.com\/patagonia.ambiental\" \/>\n<meta property=\"og:image\" content=\"https:\/\/patagoniambiental.com.ar\/info\/wp-content\/uploads\/2025\/05\/Fundacion-Chadileuvu-Portada.jpg\" \/>\n\t<meta property=\"og:image:width\" content=\"2000\" \/>\n\t<meta property=\"og:image:height\" content=\"500\" \/>\n\t<meta property=\"og:image:type\" content=\"image\/jpeg\" \/>\n<meta name=\"twitter:card\" content=\"summary_large_image\" \/>\n<meta name=\"twitter:site\" content=\"@PatAmb\" \/>\n<script type=\"application\/ld+json\" class=\"yoast-schema-graph\">{\"@context\":\"https:\\\/\\\/schema.org\",\"@graph\":[{\"@type\":\"WebPage\",\"@id\":\"https:\\\/\\\/patagoniambiental.com.ar\\\/info\\\/directory\\\/fundacion-chadileuvu\\\/\",\"url\":\"https:\\\/\\\/patagoniambiental.com.ar\\\/info\\\/directory\\\/fundacion-chadileuvu\\\/\",\"name\":\"Fundaci\u00f3n Chadileuv\u00fa - Patagonia Ambiental\",\"isPartOf\":{\"@id\":\"https:\\\/\\\/patagoniambiental.com.ar\\\/info\\\/#website\"},\"primaryImageOfPage\":{\"@id\":\"https:\\\/\\\/patagoniambiental.com.ar\\\/info\\\/directory\\\/fundacion-chadileuvu\\\/#primaryimage\"},\"image\":{\"@id\":\"https:\\\/\\\/patagoniambiental.com.ar\\\/info\\\/directory\\\/fundacion-chadileuvu\\\/#primaryimage\"},\"thumbnailUrl\":\"https:\\\/\\\/patagoniambiental.com.ar\\\/info\\\/wp-content\\\/uploads\\\/2025\\\/05\\\/Fundacion-Chadileuvu-Portada.jpg\",\"datePublished\":\"2025-05-26T23:26:08+00:00\",\"description\":\"Estudio, divulgaci\u00f3n y promoci\u00f3n de la participaci\u00f3n comunitaria para la protecci\u00f3n del agua, la biodiversidad y la calidad ambiental.\",\"breadcrumb\":{\"@id\":\"https:\\\/\\\/patagoniambiental.com.ar\\\/info\\\/directory\\\/fundacion-chadileuvu\\\/#breadcrumb\"},\"inLanguage\":\"es\",\"potentialAction\":[{\"@type\":\"ReadAction\",\"target\":[\"https:\\\/\\\/patagoniambiental.com.ar\\\/info\\\/directory\\\/fundacion-chadileuvu\\\/\"]}]},{\"@type\":\"ImageObject\",\"inLanguage\":\"es\",\"@id\":\"https:\\\/\\\/patagoniambiental.com.ar\\\/info\\\/directory\\\/fundacion-chadileuvu\\\/#primaryimage\",\"url\":\"https:\\\/\\\/patagoniambiental.com.ar\\\/info\\\/wp-content\\\/uploads\\\/2025\\\/05\\\/Fundacion-Chadileuvu-Portada.jpg\",\"contentUrl\":\"https:\\\/\\\/patagoniambiental.com.ar\\\/info\\\/wp-content\\\/uploads\\\/2025\\\/05\\\/Fundacion-Chadileuvu-Portada.jpg\",\"width\":1200,\"height\":300,\"caption\":\"Fundacion Chadileuvu - Directorio Ambiental\"},{\"@type\":\"BreadcrumbList\",\"@id\":\"https:\\\/\\\/patagoniambiental.com.ar\\\/info\\\/directory\\\/fundacion-chadileuvu\\\/#breadcrumb\",\"itemListElement\":[{\"@type\":\"ListItem\",\"position\":1,\"name\":\"Inicio\",\"item\":\"https:\\\/\\\/patagoniambiental.com.ar\\\/info\\\/\"},{\"@type\":\"ListItem\",\"position\":2,\"name\":\"Fundaci\u00f3n Chadileuv\u00fa\"}]},{\"@type\":\"WebSite\",\"@id\":\"https:\\\/\\\/patagoniambiental.com.ar\\\/info\\\/#website\",\"url\":\"https:\\\/\\\/patagoniambiental.com.ar\\\/info\\\/\",\"name\":\"Patagonia Ambiental\",\"description\":\"Monitoreo y an\u00e1lisis de la situaci\u00f3n geopol\u00edtica en el mundo y su implicancia en la Patagonia\",\"publisher\":{\"@id\":\"https:\\\/\\\/patagoniambiental.com.ar\\\/info\\\/#organization\"},\"potentialAction\":[{\"@type\":\"SearchAction\",\"target\":{\"@type\":\"EntryPoint\",\"urlTemplate\":\"https:\\\/\\\/patagoniambiental.com.ar\\\/info\\\/?s={search_term_string}\"},\"query-input\":{\"@type\":\"PropertyValueSpecification\",\"valueRequired\":true,\"valueName\":\"search_term_string\"}}],\"inLanguage\":\"es\"},{\"@type\":\"Organization\",\"@id\":\"https:\\\/\\\/patagoniambiental.com.ar\\\/info\\\/#organization\",\"name\":\"Patagonia Ambiental\",\"url\":\"https:\\\/\\\/patagoniambiental.com.ar\\\/info\\\/\",\"logo\":{\"@type\":\"ImageObject\",\"inLanguage\":\"es\",\"@id\":\"https:\\\/\\\/patagoniambiental.com.ar\\\/info\\\/#\\\/schema\\\/logo\\\/image\\\/\",\"url\":\"https:\\\/\\\/patagoniambiental.com.ar\\\/info\\\/wp-content\\\/uploads\\\/2025\\\/05\\\/LOGO-PATAGONIA-AMBIENTAL.png\",\"contentUrl\":\"https:\\\/\\\/patagoniambiental.com.ar\\\/info\\\/wp-content\\\/uploads\\\/2025\\\/05\\\/LOGO-PATAGONIA-AMBIENTAL.png\",\"width\":433,\"height\":250,\"caption\":\"Patagonia Ambiental\"},\"image\":{\"@id\":\"https:\\\/\\\/patagoniambiental.com.ar\\\/info\\\/#\\\/schema\\\/logo\\\/image\\\/\"},\"sameAs\":[\"https:\\\/\\\/www.facebook.com\\\/patagonia.ambiental\",\"https:\\\/\\\/x.com\\\/PatAmb\"]}]}<\/script>\n<!-- \/ Yoast SEO Premium plugin. -->","yoast_head_json":{"title":"Fundaci\u00f3n Chadileuv\u00fa - Patagonia Ambiental","description":"Estudio, divulgaci\u00f3n y promoci\u00f3n de la participaci\u00f3n comunitaria para la protecci\u00f3n del agua, la biodiversidad y la calidad ambiental.","robots":{"index":"index","follow":"follow","max-snippet":"max-snippet:-1","max-image-preview":"max-image-preview:large","max-video-preview":"max-video-preview:-1"},"canonical":"https:\/\/patagoniambiental.com.ar\/info\/directory\/fundacion-chadileuvu\/","og_locale":"es_ES","og_type":"article","og_title":"Fundaci\u00f3n Chadileuv\u00fa","og_description":"Estudio, divulgaci\u00f3n y promoci\u00f3n de la participaci\u00f3n comunitaria para la protecci\u00f3n del agua, la biodiversidad y la calidad ambiental.","og_url":"https:\/\/patagoniambiental.com.ar\/info\/directory\/fundacion-chadileuvu\/","og_site_name":"Patagonia Ambiental","article_publisher":"https:\/\/www.facebook.com\/patagonia.ambiental","og_image":[{"width":2000,"height":500,"url":"https:\/\/patagoniambiental.com.ar\/info\/wp-content\/uploads\/2025\/05\/Fundacion-Chadileuvu-Portada.jpg","type":"image\/jpeg"}],"twitter_card":"summary_large_image","twitter_site":"@PatAmb","schema":{"@context":"https:\/\/schema.org","@graph":[{"@type":"WebPage","@id":"https:\/\/patagoniambiental.com.ar\/info\/directory\/fundacion-chadileuvu\/","url":"https:\/\/patagoniambiental.com.ar\/info\/directory\/fundacion-chadileuvu\/","name":"Fundaci\u00f3n Chadileuv\u00fa - Patagonia Ambiental","isPartOf":{"@id":"https:\/\/patagoniambiental.com.ar\/info\/#website"},"primaryImageOfPage":{"@id":"https:\/\/patagoniambiental.com.ar\/info\/directory\/fundacion-chadileuvu\/#primaryimage"},"image":{"@id":"https:\/\/patagoniambiental.com.ar\/info\/directory\/fundacion-chadileuvu\/#primaryimage"},"thumbnailUrl":"https:\/\/patagoniambiental.com.ar\/info\/wp-content\/uploads\/2025\/05\/Fundacion-Chadileuvu-Portada.jpg","datePublished":"2025-05-26T23:26:08+00:00","description":"Estudio, divulgaci\u00f3n y promoci\u00f3n de la participaci\u00f3n comunitaria para la protecci\u00f3n del agua, la biodiversidad y la calidad ambiental.","breadcrumb":{"@id":"https:\/\/patagoniambiental.com.ar\/info\/directory\/fundacion-chadileuvu\/#breadcrumb"},"inLanguage":"es","potentialAction":[{"@type":"ReadAction","target":["https:\/\/patagoniambiental.com.ar\/info\/directory\/fundacion-chadileuvu\/"]}]},{"@type":"ImageObject","inLanguage":"es","@id":"https:\/\/patagoniambiental.com.ar\/info\/directory\/fundacion-chadileuvu\/#primaryimage","url":"https:\/\/patagoniambiental.com.ar\/info\/wp-content\/uploads\/2025\/05\/Fundacion-Chadileuvu-Portada.jpg","contentUrl":"https:\/\/patagoniambiental.com.ar\/info\/wp-content\/uploads\/2025\/05\/Fundacion-Chadileuvu-Portada.jpg","width":1200,"height":300,"caption":"Fundacion Chadileuvu - Directorio Ambiental"},{"@type":"BreadcrumbList","@id":"https:\/\/patagoniambiental.com.ar\/info\/directory\/fundacion-chadileuvu\/#breadcrumb","itemListElement":[{"@type":"ListItem","position":1,"name":"Inicio","item":"https:\/\/patagoniambiental.com.ar\/info\/"},{"@type":"ListItem","position":2,"name":"Fundaci\u00f3n Chadileuv\u00fa"}]},{"@type":"WebSite","@id":"https:\/\/patagoniambiental.com.ar\/info\/#website","url":"https:\/\/patagoniambiental.com.ar\/info\/","name":"Patagonia Ambiental","description":"Monitoreo y an\u00e1lisis de la situaci\u00f3n geopol\u00edtica en el mundo y su implicancia en la Patagonia","publisher":{"@id":"https:\/\/patagoniambiental.com.ar\/info\/#organization"},"potentialAction":[{"@type":"SearchAction","target":{"@type":"EntryPoint","urlTemplate":"https:\/\/patagoniambiental.com.ar\/info\/?s={search_term_string}"},"query-input":{"@type":"PropertyValueSpecification","valueRequired":true,"valueName":"search_term_string"}}],"inLanguage":"es"},{"@type":"Organization","@id":"https:\/\/patagoniambiental.com.ar\/info\/#organization","name":"Patagonia Ambiental","url":"https:\/\/patagoniambiental.com.ar\/info\/","logo":{"@type":"ImageObject","inLanguage":"es","@id":"https:\/\/patagoniambiental.com.ar\/info\/#\/schema\/logo\/image\/","url":"https:\/\/patagoniambiental.com.ar\/info\/wp-content\/uploads\/2025\/05\/LOGO-PATAGONIA-AMBIENTAL.png","contentUrl":"https:\/\/patagoniambiental.com.ar\/info\/wp-content\/uploads\/2025\/05\/LOGO-PATAGONIA-AMBIENTAL.png","width":433,"height":250,"caption":"Patagonia Ambiental"},"image":{"@id":"https:\/\/patagoniambiental.com.ar\/info\/#\/schema\/logo\/image\/"},"sameAs":["https:\/\/www.facebook.com\/patagonia.ambiental","https:\/\/x.com\/PatAmb"]}]}},"_links":{"self":[{"href":"https:\/\/patagoniambiental.com.ar\/info\/wp-json\/wp\/v2\/at_biz_dir\/95718","targetHints":{"allow":["GET"]}}],"collection":[{"href":"https:\/\/patagoniambiental.com.ar\/info\/wp-json\/wp\/v2\/at_biz_dir"}],"about":[{"href":"https:\/\/patagoniambiental.com.ar\/info\/wp-json\/wp\/v2\/types\/at_biz_dir"}],"author":[{"embeddable":true,"href":"https:\/\/patagoniambiental.com.ar\/info\/wp-json\/wp\/v2\/users\/8"}],"replies":[{"embeddable":true,"href":"https:\/\/patagoniambiental.com.ar\/info\/wp-json\/wp\/v2\/comments?post=95718"}],"wp:featuredmedia":[{"embeddable":true,"href":"https:\/\/patagoniambiental.com.ar\/info\/wp-json\/wp\/v2\/media\/95719"}],"wp:attachment":[{"href":"https:\/\/patagoniambiental.com.ar\/info\/wp-json\/wp\/v2\/media?parent=95718"}],"wp:term":[{"taxonomy":"atbdp_listing_types","embeddable":true,"href":"https:\/\/patagoniambiental.com.ar\/info\/wp-json\/wp\/v2\/atbdp_listing_types?post=95718"},{"taxonomy":"at_biz_dir-category","embeddable":true,"href":"https:\/\/patagoniambiental.com.ar\/info\/wp-json\/wp\/v2\/at_biz_dir-category?post=95718"},{"taxonomy":"at_biz_dir-location","embeddable":true,"href":"https:\/\/patagoniambiental.com.ar\/info\/wp-json\/wp\/v2\/at_biz_dir-location?post=95718"},{"taxonomy":"at_biz_dir-tags","embeddable":true,"href":"https:\/\/patagoniambiental.com.ar\/info\/wp-json\/wp\/v2\/at_biz_dir-tags?post=95718"}],"curies":[{"name":"wp","href":"https:\/\/api.w.org\/{rel}","templated":true}]}}