{"id":95807,"date":"2025-05-31T21:13:20","date_gmt":"2025-06-01T00:13:20","guid":{"rendered":"https:\/\/patagoniambiental.com.ar\/info\/?post_type=at_biz_dir&#038;p=95807"},"modified":"2025-05-31T21:13:56","modified_gmt":"2025-06-01T00:13:56","slug":"estacion-de-carga-de-vehiculos-electricos-en-neuquen-belgrano","status":"publish","type":"at_biz_dir","link":"https:\/\/patagoniambiental.com.ar\/info\/directory\/estacion-de-carga-de-vehiculos-electricos-en-neuquen-belgrano\/","title":{"rendered":"Estaci\u00f3n de carga de veh\u00edculos el\u00e9ctricos en Neuqu\u00e9n (Belgrano)"},"content":{"rendered":"<p>Neuqu\u00e9n inaugur\u00f3 la primera estaci\u00f3n de carga para autos el\u00e9ctricos ubicada en General Manuel Belgrano 139, Neuqu\u00e9n Capital. Este cargador, desarrollado en convenio con ABB Argentina, es un dispositivo EVLunic AC wallbox de 22kW que proporciona carga en corriente alterna para veh\u00edculos el\u00e9ctricos. Forma parte del Plan Provincial de Movilidad El\u00e9ctrica impulsado por la Agencia de Inversiones de Neuqu\u00e9n y el gobierno local, con el objetivo de diversificar la matriz energ\u00e9tica y promover la electromovilidad en la regi\u00f3n.<\/p>\n<p>La estaci\u00f3n tambi\u00e9n incluye una estaci\u00f3n de bicicletas el\u00e9ctricas que funcionan con energ\u00eda renovable fotovoltaica. Neuqu\u00e9n cuenta con la red de recarga m\u00e1s amplia del pa\u00eds y busca consolidar la movilidad sustentable con apoyo p\u00fablico y privado, adem\u00e1s de impulsar una ley provincial de electromovilidad en tr\u00e1mite.<\/p>\n","protected":false},"author":8,"comment_status":"closed","ping_status":"closed","template":"","meta":{"site-sidebar-layout":"default","site-content-layout":"","ast-site-content-layout":"default","site-content-style":"default","site-sidebar-style":"default","ast-global-header-display":"","ast-banner-title-visibility":"","ast-main-header-display":"","ast-hfb-above-header-display":"","ast-hfb-below-header-display":"","ast-hfb-mobile-header-display":"","site-post-title":"","ast-breadcrumbs-content":"","ast-featured-img":"","footer-sml-layout":"","ast-disable-related-posts":"","theme-transparent-header-meta":"default","adv-header-id-meta":"","stick-header-meta":"","header-above-stick-meta":"","header-main-stick-meta":"","header-below-stick-meta":"","astra-migrate-meta-layouts":"set","ast-page-background-enabled":"default","ast-page-background-meta":{"desktop":{"background-color":"var(--ast-global-color-5)","background-image":"","background-repeat":"repeat","background-position":"center center","background-size":"auto","background-attachment":"scroll","background-type":"","background-media":"","overlay-type":"","overlay-color":"","overlay-opacity":"","overlay-gradient":""},"tablet":{"background-color":"","background-image":"","background-repeat":"repeat","background-position":"center center","background-size":"auto","background-attachment":"scroll","background-type":"","background-media":"","overlay-type":"","overlay-color":"","overlay-opacity":"","overlay-gradient":""},"mobile":{"background-color":"","background-image":"","background-repeat":"repeat","background-position":"center center","background-size":"auto","background-attachment":"scroll","background-type":"","background-media":"","overlay-type":"","overlay-color":"","overlay-opacity":"","overlay-gradient":""}},"ast-content-background-meta":{"desktop":{"background-color":"var(--ast-global-color-4)","background-image":"","background-repeat":"repeat","background-position":"center center","background-size":"auto","background-attachment":"scroll","background-type":"","background-media":"","overlay-type":"","overlay-color":"","overlay-opacity":"","overlay-gradient":""},"tablet":{"background-color":"var(--ast-global-color-4)","background-image":"","background-repeat":"repeat","background-position":"center center","background-size":"auto","background-attachment":"scroll","background-type":"","background-media":"","overlay-type":"","overlay-color":"","overlay-opacity":"","overlay-gradient":""},"mobile":{"background-color":"var(--ast-global-color-4)","background-image":"","background-repeat":"repeat","background-position":"center center","background-size":"auto","background-attachment":"scroll","background-type":"","background-media":"","overlay-type":"","overlay-color":"","overlay-opacity":"","overlay-gradient":""}}},"atbdp_listing_types":[3405],"at_biz_dir-category":[3495],"at_biz_dir-location":[],"at_biz_dir-tags":[3499],"class_list":["post-95807","at_biz_dir","type-at_biz_dir","status-publish","hentry","atbdp_listing_types-business","at_biz_dir-category-electromovilidad","at_biz_dir-tags-neuquen"],"yoast_head":"<!-- This site is optimized with the Yoast SEO Premium plugin v23.0 (Yoast SEO v27.4) - https:\/\/yoast.com\/product\/yoast-seo-premium-wordpress\/ -->\n<title>Estaci\u00f3n de carga de veh\u00edculos el\u00e9ctricos en Neuqu\u00e9n (Belgrano) - Patagonia Ambiental<\/title>\n<meta name=\"description\" content=\"Neuqu\u00e9n inaugur\u00f3 la primera estaci\u00f3n de carga para autos el\u00e9ctricos ubicada en General Manuel Belgrano 139, Neuqu\u00e9n\" \/>\n<meta name=\"robots\" content=\"index, follow, max-snippet:-1, max-image-preview:large, max-video-preview:-1\" \/>\n<link rel=\"canonical\" href=\"https:\/\/patagoniambiental.com.ar\/info\/directory\/estacion-de-carga-de-vehiculos-electricos-en-neuquen-belgrano\/\" \/>\n<meta property=\"og:locale\" content=\"es_ES\" \/>\n<meta property=\"og:type\" content=\"article\" \/>\n<meta property=\"og:title\" content=\"Estaci\u00f3n de carga de veh\u00edculos el\u00e9ctricos en Neuqu\u00e9n (Belgrano)\" \/>\n<meta property=\"og:description\" content=\"Neuqu\u00e9n inaugur\u00f3 la primera estaci\u00f3n de carga para autos el\u00e9ctricos ubicada en General Manuel Belgrano 139, Neuqu\u00e9n\" \/>\n<meta property=\"og:url\" content=\"https:\/\/patagoniambiental.com.ar\/info\/directory\/estacion-de-carga-de-vehiculos-electricos-en-neuquen-belgrano\/\" \/>\n<meta property=\"og:site_name\" content=\"Patagonia Ambiental\" \/>\n<meta property=\"article:publisher\" content=\"https:\/\/www.facebook.com\/patagonia.ambiental\" \/>\n<meta property=\"article:modified_time\" content=\"2025-06-01T00:13:56+00:00\" \/>\n<meta name=\"twitter:card\" content=\"summary_large_image\" \/>\n<meta name=\"twitter:site\" content=\"@PatAmb\" \/>\n<script type=\"application\/ld+json\" class=\"yoast-schema-graph\">{\"@context\":\"https:\\\/\\\/schema.org\",\"@graph\":[{\"@type\":\"WebPage\",\"@id\":\"https:\\\/\\\/patagoniambiental.com.ar\\\/info\\\/directory\\\/estacion-de-carga-de-vehiculos-electricos-en-neuquen-belgrano\\\/\",\"url\":\"https:\\\/\\\/patagoniambiental.com.ar\\\/info\\\/directory\\\/estacion-de-carga-de-vehiculos-electricos-en-neuquen-belgrano\\\/\",\"name\":\"Estaci\u00f3n de carga de veh\u00edculos el\u00e9ctricos en Neuqu\u00e9n (Belgrano) - Patagonia Ambiental\",\"isPartOf\":{\"@id\":\"https:\\\/\\\/patagoniambiental.com.ar\\\/info\\\/#website\"},\"datePublished\":\"2025-06-01T00:13:20+00:00\",\"dateModified\":\"2025-06-01T00:13:56+00:00\",\"description\":\"Neuqu\u00e9n inaugur\u00f3 la primera estaci\u00f3n de carga para autos el\u00e9ctricos ubicada en General Manuel Belgrano 139, Neuqu\u00e9n\",\"breadcrumb\":{\"@id\":\"https:\\\/\\\/patagoniambiental.com.ar\\\/info\\\/directory\\\/estacion-de-carga-de-vehiculos-electricos-en-neuquen-belgrano\\\/#breadcrumb\"},\"inLanguage\":\"es\",\"potentialAction\":[{\"@type\":\"ReadAction\",\"target\":[\"https:\\\/\\\/patagoniambiental.com.ar\\\/info\\\/directory\\\/estacion-de-carga-de-vehiculos-electricos-en-neuquen-belgrano\\\/\"]}]},{\"@type\":\"BreadcrumbList\",\"@id\":\"https:\\\/\\\/patagoniambiental.com.ar\\\/info\\\/directory\\\/estacion-de-carga-de-vehiculos-electricos-en-neuquen-belgrano\\\/#breadcrumb\",\"itemListElement\":[{\"@type\":\"ListItem\",\"position\":1,\"name\":\"Inicio\",\"item\":\"https:\\\/\\\/patagoniambiental.com.ar\\\/info\\\/\"},{\"@type\":\"ListItem\",\"position\":2,\"name\":\"Estaci\u00f3n de carga de veh\u00edculos el\u00e9ctricos en Neuqu\u00e9n (Belgrano)\"}]},{\"@type\":\"WebSite\",\"@id\":\"https:\\\/\\\/patagoniambiental.com.ar\\\/info\\\/#website\",\"url\":\"https:\\\/\\\/patagoniambiental.com.ar\\\/info\\\/\",\"name\":\"Patagonia Ambiental\",\"description\":\"Monitoreo y an\u00e1lisis de la situaci\u00f3n geopol\u00edtica en el mundo y su implicancia en la Patagonia\",\"publisher\":{\"@id\":\"https:\\\/\\\/patagoniambiental.com.ar\\\/info\\\/#organization\"},\"potentialAction\":[{\"@type\":\"SearchAction\",\"target\":{\"@type\":\"EntryPoint\",\"urlTemplate\":\"https:\\\/\\\/patagoniambiental.com.ar\\\/info\\\/?s={search_term_string}\"},\"query-input\":{\"@type\":\"PropertyValueSpecification\",\"valueRequired\":true,\"valueName\":\"search_term_string\"}}],\"inLanguage\":\"es\"},{\"@type\":\"Organization\",\"@id\":\"https:\\\/\\\/patagoniambiental.com.ar\\\/info\\\/#organization\",\"name\":\"Patagonia Ambiental\",\"url\":\"https:\\\/\\\/patagoniambiental.com.ar\\\/info\\\/\",\"logo\":{\"@type\":\"ImageObject\",\"inLanguage\":\"es\",\"@id\":\"https:\\\/\\\/patagoniambiental.com.ar\\\/info\\\/#\\\/schema\\\/logo\\\/image\\\/\",\"url\":\"https:\\\/\\\/patagoniambiental.com.ar\\\/info\\\/wp-content\\\/uploads\\\/2025\\\/05\\\/LOGO-PATAGONIA-AMBIENTAL.png\",\"contentUrl\":\"https:\\\/\\\/patagoniambiental.com.ar\\\/info\\\/wp-content\\\/uploads\\\/2025\\\/05\\\/LOGO-PATAGONIA-AMBIENTAL.png\",\"width\":433,\"height\":250,\"caption\":\"Patagonia Ambiental\"},\"image\":{\"@id\":\"https:\\\/\\\/patagoniambiental.com.ar\\\/info\\\/#\\\/schema\\\/logo\\\/image\\\/\"},\"sameAs\":[\"https:\\\/\\\/www.facebook.com\\\/patagonia.ambiental\",\"https:\\\/\\\/x.com\\\/PatAmb\"]}]}<\/script>\n<!-- \/ Yoast SEO Premium plugin. -->","yoast_head_json":{"title":"Estaci\u00f3n de carga de veh\u00edculos el\u00e9ctricos en Neuqu\u00e9n (Belgrano) - Patagonia Ambiental","description":"Neuqu\u00e9n inaugur\u00f3 la primera estaci\u00f3n de carga para autos el\u00e9ctricos ubicada en General Manuel Belgrano 139, Neuqu\u00e9n","robots":{"index":"index","follow":"follow","max-snippet":"max-snippet:-1","max-image-preview":"max-image-preview:large","max-video-preview":"max-video-preview:-1"},"canonical":"https:\/\/patagoniambiental.com.ar\/info\/directory\/estacion-de-carga-de-vehiculos-electricos-en-neuquen-belgrano\/","og_locale":"es_ES","og_type":"article","og_title":"Estaci\u00f3n de carga de veh\u00edculos el\u00e9ctricos en Neuqu\u00e9n (Belgrano)","og_description":"Neuqu\u00e9n inaugur\u00f3 la primera estaci\u00f3n de carga para autos el\u00e9ctricos ubicada en General Manuel Belgrano 139, Neuqu\u00e9n","og_url":"https:\/\/patagoniambiental.com.ar\/info\/directory\/estacion-de-carga-de-vehiculos-electricos-en-neuquen-belgrano\/","og_site_name":"Patagonia Ambiental","article_publisher":"https:\/\/www.facebook.com\/patagonia.ambiental","article_modified_time":"2025-06-01T00:13:56+00:00","twitter_card":"summary_large_image","twitter_site":"@PatAmb","schema":{"@context":"https:\/\/schema.org","@graph":[{"@type":"WebPage","@id":"https:\/\/patagoniambiental.com.ar\/info\/directory\/estacion-de-carga-de-vehiculos-electricos-en-neuquen-belgrano\/","url":"https:\/\/patagoniambiental.com.ar\/info\/directory\/estacion-de-carga-de-vehiculos-electricos-en-neuquen-belgrano\/","name":"Estaci\u00f3n de carga de veh\u00edculos el\u00e9ctricos en Neuqu\u00e9n (Belgrano) - Patagonia Ambiental","isPartOf":{"@id":"https:\/\/patagoniambiental.com.ar\/info\/#website"},"datePublished":"2025-06-01T00:13:20+00:00","dateModified":"2025-06-01T00:13:56+00:00","description":"Neuqu\u00e9n inaugur\u00f3 la primera estaci\u00f3n de carga para autos el\u00e9ctricos ubicada en General Manuel Belgrano 139, Neuqu\u00e9n","breadcrumb":{"@id":"https:\/\/patagoniambiental.com.ar\/info\/directory\/estacion-de-carga-de-vehiculos-electricos-en-neuquen-belgrano\/#breadcrumb"},"inLanguage":"es","potentialAction":[{"@type":"ReadAction","target":["https:\/\/patagoniambiental.com.ar\/info\/directory\/estacion-de-carga-de-vehiculos-electricos-en-neuquen-belgrano\/"]}]},{"@type":"BreadcrumbList","@id":"https:\/\/patagoniambiental.com.ar\/info\/directory\/estacion-de-carga-de-vehiculos-electricos-en-neuquen-belgrano\/#breadcrumb","itemListElement":[{"@type":"ListItem","position":1,"name":"Inicio","item":"https:\/\/patagoniambiental.com.ar\/info\/"},{"@type":"ListItem","position":2,"name":"Estaci\u00f3n de carga de veh\u00edculos el\u00e9ctricos en Neuqu\u00e9n (Belgrano)"}]},{"@type":"WebSite","@id":"https:\/\/patagoniambiental.com.ar\/info\/#website","url":"https:\/\/patagoniambiental.com.ar\/info\/","name":"Patagonia Ambiental","description":"Monitoreo y an\u00e1lisis de la situaci\u00f3n geopol\u00edtica en el mundo y su implicancia en la Patagonia","publisher":{"@id":"https:\/\/patagoniambiental.com.ar\/info\/#organization"},"potentialAction":[{"@type":"SearchAction","target":{"@type":"EntryPoint","urlTemplate":"https:\/\/patagoniambiental.com.ar\/info\/?s={search_term_string}"},"query-input":{"@type":"PropertyValueSpecification","valueRequired":true,"valueName":"search_term_string"}}],"inLanguage":"es"},{"@type":"Organization","@id":"https:\/\/patagoniambiental.com.ar\/info\/#organization","name":"Patagonia Ambiental","url":"https:\/\/patagoniambiental.com.ar\/info\/","logo":{"@type":"ImageObject","inLanguage":"es","@id":"https:\/\/patagoniambiental.com.ar\/info\/#\/schema\/logo\/image\/","url":"https:\/\/patagoniambiental.com.ar\/info\/wp-content\/uploads\/2025\/05\/LOGO-PATAGONIA-AMBIENTAL.png","contentUrl":"https:\/\/patagoniambiental.com.ar\/info\/wp-content\/uploads\/2025\/05\/LOGO-PATAGONIA-AMBIENTAL.png","width":433,"height":250,"caption":"Patagonia Ambiental"},"image":{"@id":"https:\/\/patagoniambiental.com.ar\/info\/#\/schema\/logo\/image\/"},"sameAs":["https:\/\/www.facebook.com\/patagonia.ambiental","https:\/\/x.com\/PatAmb"]}]}},"_links":{"self":[{"href":"https:\/\/patagoniambiental.com.ar\/info\/wp-json\/wp\/v2\/at_biz_dir\/95807","targetHints":{"allow":["GET"]}}],"collection":[{"href":"https:\/\/patagoniambiental.com.ar\/info\/wp-json\/wp\/v2\/at_biz_dir"}],"about":[{"href":"https:\/\/patagoniambiental.com.ar\/info\/wp-json\/wp\/v2\/types\/at_biz_dir"}],"author":[{"embeddable":true,"href":"https:\/\/patagoniambiental.com.ar\/info\/wp-json\/wp\/v2\/users\/8"}],"replies":[{"embeddable":true,"href":"https:\/\/patagoniambiental.com.ar\/info\/wp-json\/wp\/v2\/comments?post=95807"}],"wp:attachment":[{"href":"https:\/\/patagoniambiental.com.ar\/info\/wp-json\/wp\/v2\/media?parent=95807"}],"wp:term":[{"taxonomy":"atbdp_listing_types","embeddable":true,"href":"https:\/\/patagoniambiental.com.ar\/info\/wp-json\/wp\/v2\/atbdp_listing_types?post=95807"},{"taxonomy":"at_biz_dir-category","embeddable":true,"href":"https:\/\/patagoniambiental.com.ar\/info\/wp-json\/wp\/v2\/at_biz_dir-category?post=95807"},{"taxonomy":"at_biz_dir-location","embeddable":true,"href":"https:\/\/patagoniambiental.com.ar\/info\/wp-json\/wp\/v2\/at_biz_dir-location?post=95807"},{"taxonomy":"at_biz_dir-tags","embeddable":true,"href":"https:\/\/patagoniambiental.com.ar\/info\/wp-json\/wp\/v2\/at_biz_dir-tags?post=95807"}],"curies":[{"name":"wp","href":"https:\/\/api.w.org\/{rel}","templated":true}]}}