{"id":95810,"date":"2025-05-31T21:37:32","date_gmt":"2025-06-01T00:37:32","guid":{"rendered":"https:\/\/patagoniambiental.com.ar\/info\/?post_type=at_biz_dir&#038;p=95810"},"modified":"2025-05-31T21:37:32","modified_gmt":"2025-06-01T00:37:32","slug":"estacion-de-carga-de-vehiculos-electricos-en-paseo-de-la-costa","status":"publish","type":"at_biz_dir","link":"https:\/\/patagoniambiental.com.ar\/info\/directory\/estacion-de-carga-de-vehiculos-electricos-en-paseo-de-la-costa\/","title":{"rendered":"Estaci\u00f3n de carga de veh\u00edculos el\u00e9ctricos en Paseo de la Costa"},"content":{"rendered":"<p>En Neuqu\u00e9n, se encuentra disponible una red de recarga para veh\u00edculos el\u00e9ctricos, impulsada por la Agencia de Promoci\u00f3n y Desarrollo de Inversiones del Neuqu\u00e9n (ADI-NQN) dentro del \u201cPlan Integral de Desarrollo de la Electromovilidad\u201d.<\/p>\n<p>La red incluye cargadores de baja potencia, instalados principalmente en hoteles, que tardan entre 5 y 6 horas en cargar los veh\u00edculos. La provincia busca consolidar la movilidad sustentable con apoyo p\u00fablico y privado, adem\u00e1s de impulsar una ley provincial de electromovilidad.<\/p>\n<p>Enyi, una tienda de movilidad el\u00e9ctrica, se encuentra ubicada frente al monumento a San Mart\u00edn en Neuqu\u00e9n. Adem\u00e1s, hay una estaci\u00f3n de carga con bicicletas el\u00e9ctricas que funcionan con energ\u00eda renovable fotovoltaica<\/p>\n","protected":false},"author":8,"comment_status":"closed","ping_status":"closed","template":"","meta":{"site-sidebar-layout":"default","site-content-layout":"","ast-site-content-layout":"default","site-content-style":"default","site-sidebar-style":"default","ast-global-header-display":"","ast-banner-title-visibility":"","ast-main-header-display":"","ast-hfb-above-header-display":"","ast-hfb-below-header-display":"","ast-hfb-mobile-header-display":"","site-post-title":"","ast-breadcrumbs-content":"","ast-featured-img":"","footer-sml-layout":"","ast-disable-related-posts":"","theme-transparent-header-meta":"default","adv-header-id-meta":"","stick-header-meta":"","header-above-stick-meta":"","header-main-stick-meta":"","header-below-stick-meta":"","astra-migrate-meta-layouts":"set","ast-page-background-enabled":"default","ast-page-background-meta":{"desktop":{"background-color":"var(--ast-global-color-5)","background-image":"","background-repeat":"repeat","background-position":"center center","background-size":"auto","background-attachment":"scroll","background-type":"","background-media":"","overlay-type":"","overlay-color":"","overlay-opacity":"","overlay-gradient":""},"tablet":{"background-color":"","background-image":"","background-repeat":"repeat","background-position":"center center","background-size":"auto","background-attachment":"scroll","background-type":"","background-media":"","overlay-type":"","overlay-color":"","overlay-opacity":"","overlay-gradient":""},"mobile":{"background-color":"","background-image":"","background-repeat":"repeat","background-position":"center center","background-size":"auto","background-attachment":"scroll","background-type":"","background-media":"","overlay-type":"","overlay-color":"","overlay-opacity":"","overlay-gradient":""}},"ast-content-background-meta":{"desktop":{"background-color":"var(--ast-global-color-4)","background-image":"","background-repeat":"repeat","background-position":"center center","background-size":"auto","background-attachment":"scroll","background-type":"","background-media":"","overlay-type":"","overlay-color":"","overlay-opacity":"","overlay-gradient":""},"tablet":{"background-color":"var(--ast-global-color-4)","background-image":"","background-repeat":"repeat","background-position":"center center","background-size":"auto","background-attachment":"scroll","background-type":"","background-media":"","overlay-type":"","overlay-color":"","overlay-opacity":"","overlay-gradient":""},"mobile":{"background-color":"var(--ast-global-color-4)","background-image":"","background-repeat":"repeat","background-position":"center center","background-size":"auto","background-attachment":"scroll","background-type":"","background-media":"","overlay-type":"","overlay-color":"","overlay-opacity":"","overlay-gradient":""}}},"atbdp_listing_types":[3405],"at_biz_dir-category":[3495],"at_biz_dir-location":[3498,3483],"at_biz_dir-tags":[3496],"class_list":["post-95810","at_biz_dir","type-at_biz_dir","status-publish","has-post-thumbnail","hentry","atbdp_listing_types-business","at_biz_dir-category-electromovilidad","at_biz_dir-location-neuquen","at_biz_dir-location-provincia-de-neuquen","at_biz_dir-tags-electromovilidad"],"yoast_head":"<!-- This site is optimized with the Yoast SEO Premium plugin v23.0 (Yoast SEO v27.4) - https:\/\/yoast.com\/product\/yoast-seo-premium-wordpress\/ -->\n<title>Estaci\u00f3n de carga de veh\u00edculos el\u00e9ctricos en Paseo de la Costa - Patagonia Ambiental<\/title>\n<meta name=\"description\" content=\"En Neuqu\u00e9n, se encuentra disponible una red de recarga para veh\u00edculos el\u00e9ctricos dentro del \u201cPlan Integral de Desarrollo de la Electromovilidad\u201d.\" \/>\n<meta name=\"robots\" content=\"index, follow, max-snippet:-1, max-image-preview:large, max-video-preview:-1\" \/>\n<link rel=\"canonical\" href=\"https:\/\/patagoniambiental.com.ar\/info\/directory\/estacion-de-carga-de-vehiculos-electricos-en-paseo-de-la-costa\/\" \/>\n<meta property=\"og:locale\" content=\"es_ES\" \/>\n<meta property=\"og:type\" content=\"article\" \/>\n<meta property=\"og:title\" content=\"Estaci\u00f3n de carga de veh\u00edculos el\u00e9ctricos en Paseo de la Costa\" \/>\n<meta property=\"og:description\" content=\"En Neuqu\u00e9n, se encuentra disponible una red de recarga para veh\u00edculos el\u00e9ctricos dentro del \u201cPlan Integral de Desarrollo de la Electromovilidad\u201d.\" \/>\n<meta property=\"og:url\" content=\"https:\/\/patagoniambiental.com.ar\/info\/directory\/estacion-de-carga-de-vehiculos-electricos-en-paseo-de-la-costa\/\" \/>\n<meta property=\"og:site_name\" content=\"Patagonia Ambiental\" \/>\n<meta property=\"article:publisher\" content=\"https:\/\/www.facebook.com\/patagonia.ambiental\" \/>\n<meta property=\"og:image\" content=\"https:\/\/patagoniambiental.com.ar\/info\/wp-content\/uploads\/2025\/05\/Paseo-de-la-Costa.jpg\" \/>\n\t<meta property=\"og:image:width\" content=\"1482\" \/>\n\t<meta property=\"og:image:height\" content=\"437\" \/>\n\t<meta property=\"og:image:type\" content=\"image\/jpeg\" \/>\n<meta name=\"twitter:card\" content=\"summary_large_image\" \/>\n<meta name=\"twitter:site\" content=\"@PatAmb\" \/>\n<script type=\"application\/ld+json\" class=\"yoast-schema-graph\">{\"@context\":\"https:\\\/\\\/schema.org\",\"@graph\":[{\"@type\":\"WebPage\",\"@id\":\"https:\\\/\\\/patagoniambiental.com.ar\\\/info\\\/directory\\\/estacion-de-carga-de-vehiculos-electricos-en-paseo-de-la-costa\\\/\",\"url\":\"https:\\\/\\\/patagoniambiental.com.ar\\\/info\\\/directory\\\/estacion-de-carga-de-vehiculos-electricos-en-paseo-de-la-costa\\\/\",\"name\":\"Estaci\u00f3n de carga de veh\u00edculos el\u00e9ctricos en Paseo de la Costa - Patagonia Ambiental\",\"isPartOf\":{\"@id\":\"https:\\\/\\\/patagoniambiental.com.ar\\\/info\\\/#website\"},\"primaryImageOfPage\":{\"@id\":\"https:\\\/\\\/patagoniambiental.com.ar\\\/info\\\/directory\\\/estacion-de-carga-de-vehiculos-electricos-en-paseo-de-la-costa\\\/#primaryimage\"},\"image\":{\"@id\":\"https:\\\/\\\/patagoniambiental.com.ar\\\/info\\\/directory\\\/estacion-de-carga-de-vehiculos-electricos-en-paseo-de-la-costa\\\/#primaryimage\"},\"thumbnailUrl\":\"https:\\\/\\\/patagoniambiental.com.ar\\\/info\\\/wp-content\\\/uploads\\\/2025\\\/05\\\/Paseo-de-la-Costa.jpg\",\"datePublished\":\"2025-06-01T00:37:32+00:00\",\"description\":\"En Neuqu\u00e9n, se encuentra disponible una red de recarga para veh\u00edculos el\u00e9ctricos dentro del \u201cPlan Integral de Desarrollo de la Electromovilidad\u201d.\",\"breadcrumb\":{\"@id\":\"https:\\\/\\\/patagoniambiental.com.ar\\\/info\\\/directory\\\/estacion-de-carga-de-vehiculos-electricos-en-paseo-de-la-costa\\\/#breadcrumb\"},\"inLanguage\":\"es\",\"potentialAction\":[{\"@type\":\"ReadAction\",\"target\":[\"https:\\\/\\\/patagoniambiental.com.ar\\\/info\\\/directory\\\/estacion-de-carga-de-vehiculos-electricos-en-paseo-de-la-costa\\\/\"]}]},{\"@type\":\"ImageObject\",\"inLanguage\":\"es\",\"@id\":\"https:\\\/\\\/patagoniambiental.com.ar\\\/info\\\/directory\\\/estacion-de-carga-de-vehiculos-electricos-en-paseo-de-la-costa\\\/#primaryimage\",\"url\":\"https:\\\/\\\/patagoniambiental.com.ar\\\/info\\\/wp-content\\\/uploads\\\/2025\\\/05\\\/Paseo-de-la-Costa.jpg\",\"contentUrl\":\"https:\\\/\\\/patagoniambiental.com.ar\\\/info\\\/wp-content\\\/uploads\\\/2025\\\/05\\\/Paseo-de-la-Costa.jpg\",\"width\":1482,\"height\":437},{\"@type\":\"BreadcrumbList\",\"@id\":\"https:\\\/\\\/patagoniambiental.com.ar\\\/info\\\/directory\\\/estacion-de-carga-de-vehiculos-electricos-en-paseo-de-la-costa\\\/#breadcrumb\",\"itemListElement\":[{\"@type\":\"ListItem\",\"position\":1,\"name\":\"Inicio\",\"item\":\"https:\\\/\\\/patagoniambiental.com.ar\\\/info\\\/\"},{\"@type\":\"ListItem\",\"position\":2,\"name\":\"Estaci\u00f3n de carga de veh\u00edculos el\u00e9ctricos en Paseo de la Costa\"}]},{\"@type\":\"WebSite\",\"@id\":\"https:\\\/\\\/patagoniambiental.com.ar\\\/info\\\/#website\",\"url\":\"https:\\\/\\\/patagoniambiental.com.ar\\\/info\\\/\",\"name\":\"Patagonia Ambiental\",\"description\":\"Monitoreo y an\u00e1lisis de la situaci\u00f3n geopol\u00edtica en el mundo y su implicancia en la Patagonia\",\"publisher\":{\"@id\":\"https:\\\/\\\/patagoniambiental.com.ar\\\/info\\\/#organization\"},\"potentialAction\":[{\"@type\":\"SearchAction\",\"target\":{\"@type\":\"EntryPoint\",\"urlTemplate\":\"https:\\\/\\\/patagoniambiental.com.ar\\\/info\\\/?s={search_term_string}\"},\"query-input\":{\"@type\":\"PropertyValueSpecification\",\"valueRequired\":true,\"valueName\":\"search_term_string\"}}],\"inLanguage\":\"es\"},{\"@type\":\"Organization\",\"@id\":\"https:\\\/\\\/patagoniambiental.com.ar\\\/info\\\/#organization\",\"name\":\"Patagonia Ambiental\",\"url\":\"https:\\\/\\\/patagoniambiental.com.ar\\\/info\\\/\",\"logo\":{\"@type\":\"ImageObject\",\"inLanguage\":\"es\",\"@id\":\"https:\\\/\\\/patagoniambiental.com.ar\\\/info\\\/#\\\/schema\\\/logo\\\/image\\\/\",\"url\":\"https:\\\/\\\/patagoniambiental.com.ar\\\/info\\\/wp-content\\\/uploads\\\/2025\\\/05\\\/LOGO-PATAGONIA-AMBIENTAL.png\",\"contentUrl\":\"https:\\\/\\\/patagoniambiental.com.ar\\\/info\\\/wp-content\\\/uploads\\\/2025\\\/05\\\/LOGO-PATAGONIA-AMBIENTAL.png\",\"width\":433,\"height\":250,\"caption\":\"Patagonia Ambiental\"},\"image\":{\"@id\":\"https:\\\/\\\/patagoniambiental.com.ar\\\/info\\\/#\\\/schema\\\/logo\\\/image\\\/\"},\"sameAs\":[\"https:\\\/\\\/www.facebook.com\\\/patagonia.ambiental\",\"https:\\\/\\\/x.com\\\/PatAmb\"]}]}<\/script>\n<!-- \/ Yoast SEO Premium plugin. -->","yoast_head_json":{"title":"Estaci\u00f3n de carga de veh\u00edculos el\u00e9ctricos en Paseo de la Costa - Patagonia Ambiental","description":"En Neuqu\u00e9n, se encuentra disponible una red de recarga para veh\u00edculos el\u00e9ctricos dentro del \u201cPlan Integral de Desarrollo de la Electromovilidad\u201d.","robots":{"index":"index","follow":"follow","max-snippet":"max-snippet:-1","max-image-preview":"max-image-preview:large","max-video-preview":"max-video-preview:-1"},"canonical":"https:\/\/patagoniambiental.com.ar\/info\/directory\/estacion-de-carga-de-vehiculos-electricos-en-paseo-de-la-costa\/","og_locale":"es_ES","og_type":"article","og_title":"Estaci\u00f3n de carga de veh\u00edculos el\u00e9ctricos en Paseo de la Costa","og_description":"En Neuqu\u00e9n, se encuentra disponible una red de recarga para veh\u00edculos el\u00e9ctricos dentro del \u201cPlan Integral de Desarrollo de la Electromovilidad\u201d.","og_url":"https:\/\/patagoniambiental.com.ar\/info\/directory\/estacion-de-carga-de-vehiculos-electricos-en-paseo-de-la-costa\/","og_site_name":"Patagonia Ambiental","article_publisher":"https:\/\/www.facebook.com\/patagonia.ambiental","og_image":[{"width":1482,"height":437,"url":"https:\/\/patagoniambiental.com.ar\/info\/wp-content\/uploads\/2025\/05\/Paseo-de-la-Costa.jpg","type":"image\/jpeg"}],"twitter_card":"summary_large_image","twitter_site":"@PatAmb","schema":{"@context":"https:\/\/schema.org","@graph":[{"@type":"WebPage","@id":"https:\/\/patagoniambiental.com.ar\/info\/directory\/estacion-de-carga-de-vehiculos-electricos-en-paseo-de-la-costa\/","url":"https:\/\/patagoniambiental.com.ar\/info\/directory\/estacion-de-carga-de-vehiculos-electricos-en-paseo-de-la-costa\/","name":"Estaci\u00f3n de carga de veh\u00edculos el\u00e9ctricos en Paseo de la Costa - Patagonia Ambiental","isPartOf":{"@id":"https:\/\/patagoniambiental.com.ar\/info\/#website"},"primaryImageOfPage":{"@id":"https:\/\/patagoniambiental.com.ar\/info\/directory\/estacion-de-carga-de-vehiculos-electricos-en-paseo-de-la-costa\/#primaryimage"},"image":{"@id":"https:\/\/patagoniambiental.com.ar\/info\/directory\/estacion-de-carga-de-vehiculos-electricos-en-paseo-de-la-costa\/#primaryimage"},"thumbnailUrl":"https:\/\/patagoniambiental.com.ar\/info\/wp-content\/uploads\/2025\/05\/Paseo-de-la-Costa.jpg","datePublished":"2025-06-01T00:37:32+00:00","description":"En Neuqu\u00e9n, se encuentra disponible una red de recarga para veh\u00edculos el\u00e9ctricos dentro del \u201cPlan Integral de Desarrollo de la Electromovilidad\u201d.","breadcrumb":{"@id":"https:\/\/patagoniambiental.com.ar\/info\/directory\/estacion-de-carga-de-vehiculos-electricos-en-paseo-de-la-costa\/#breadcrumb"},"inLanguage":"es","potentialAction":[{"@type":"ReadAction","target":["https:\/\/patagoniambiental.com.ar\/info\/directory\/estacion-de-carga-de-vehiculos-electricos-en-paseo-de-la-costa\/"]}]},{"@type":"ImageObject","inLanguage":"es","@id":"https:\/\/patagoniambiental.com.ar\/info\/directory\/estacion-de-carga-de-vehiculos-electricos-en-paseo-de-la-costa\/#primaryimage","url":"https:\/\/patagoniambiental.com.ar\/info\/wp-content\/uploads\/2025\/05\/Paseo-de-la-Costa.jpg","contentUrl":"https:\/\/patagoniambiental.com.ar\/info\/wp-content\/uploads\/2025\/05\/Paseo-de-la-Costa.jpg","width":1482,"height":437},{"@type":"BreadcrumbList","@id":"https:\/\/patagoniambiental.com.ar\/info\/directory\/estacion-de-carga-de-vehiculos-electricos-en-paseo-de-la-costa\/#breadcrumb","itemListElement":[{"@type":"ListItem","position":1,"name":"Inicio","item":"https:\/\/patagoniambiental.com.ar\/info\/"},{"@type":"ListItem","position":2,"name":"Estaci\u00f3n de carga de veh\u00edculos el\u00e9ctricos en Paseo de la Costa"}]},{"@type":"WebSite","@id":"https:\/\/patagoniambiental.com.ar\/info\/#website","url":"https:\/\/patagoniambiental.com.ar\/info\/","name":"Patagonia Ambiental","description":"Monitoreo y an\u00e1lisis de la situaci\u00f3n geopol\u00edtica en el mundo y su implicancia en la Patagonia","publisher":{"@id":"https:\/\/patagoniambiental.com.ar\/info\/#organization"},"potentialAction":[{"@type":"SearchAction","target":{"@type":"EntryPoint","urlTemplate":"https:\/\/patagoniambiental.com.ar\/info\/?s={search_term_string}"},"query-input":{"@type":"PropertyValueSpecification","valueRequired":true,"valueName":"search_term_string"}}],"inLanguage":"es"},{"@type":"Organization","@id":"https:\/\/patagoniambiental.com.ar\/info\/#organization","name":"Patagonia Ambiental","url":"https:\/\/patagoniambiental.com.ar\/info\/","logo":{"@type":"ImageObject","inLanguage":"es","@id":"https:\/\/patagoniambiental.com.ar\/info\/#\/schema\/logo\/image\/","url":"https:\/\/patagoniambiental.com.ar\/info\/wp-content\/uploads\/2025\/05\/LOGO-PATAGONIA-AMBIENTAL.png","contentUrl":"https:\/\/patagoniambiental.com.ar\/info\/wp-content\/uploads\/2025\/05\/LOGO-PATAGONIA-AMBIENTAL.png","width":433,"height":250,"caption":"Patagonia Ambiental"},"image":{"@id":"https:\/\/patagoniambiental.com.ar\/info\/#\/schema\/logo\/image\/"},"sameAs":["https:\/\/www.facebook.com\/patagonia.ambiental","https:\/\/x.com\/PatAmb"]}]}},"_links":{"self":[{"href":"https:\/\/patagoniambiental.com.ar\/info\/wp-json\/wp\/v2\/at_biz_dir\/95810","targetHints":{"allow":["GET"]}}],"collection":[{"href":"https:\/\/patagoniambiental.com.ar\/info\/wp-json\/wp\/v2\/at_biz_dir"}],"about":[{"href":"https:\/\/patagoniambiental.com.ar\/info\/wp-json\/wp\/v2\/types\/at_biz_dir"}],"author":[{"embeddable":true,"href":"https:\/\/patagoniambiental.com.ar\/info\/wp-json\/wp\/v2\/users\/8"}],"replies":[{"embeddable":true,"href":"https:\/\/patagoniambiental.com.ar\/info\/wp-json\/wp\/v2\/comments?post=95810"}],"wp:featuredmedia":[{"embeddable":true,"href":"https:\/\/patagoniambiental.com.ar\/info\/wp-json\/wp\/v2\/media\/95811"}],"wp:attachment":[{"href":"https:\/\/patagoniambiental.com.ar\/info\/wp-json\/wp\/v2\/media?parent=95810"}],"wp:term":[{"taxonomy":"atbdp_listing_types","embeddable":true,"href":"https:\/\/patagoniambiental.com.ar\/info\/wp-json\/wp\/v2\/atbdp_listing_types?post=95810"},{"taxonomy":"at_biz_dir-category","embeddable":true,"href":"https:\/\/patagoniambiental.com.ar\/info\/wp-json\/wp\/v2\/at_biz_dir-category?post=95810"},{"taxonomy":"at_biz_dir-location","embeddable":true,"href":"https:\/\/patagoniambiental.com.ar\/info\/wp-json\/wp\/v2\/at_biz_dir-location?post=95810"},{"taxonomy":"at_biz_dir-tags","embeddable":true,"href":"https:\/\/patagoniambiental.com.ar\/info\/wp-json\/wp\/v2\/at_biz_dir-tags?post=95810"}],"curies":[{"name":"wp","href":"https:\/\/api.w.org\/{rel}","templated":true}]}}