{"id":95812,"date":"2025-05-31T21:56:31","date_gmt":"2025-06-01T00:56:31","guid":{"rendered":"https:\/\/patagoniambiental.com.ar\/info\/?post_type=at_biz_dir&#038;p=95812"},"modified":"2025-05-31T21:56:31","modified_gmt":"2025-06-01T00:56:31","slug":"estacion-de-carga-de-vehiculos-electricos-en-plottier","status":"publish","type":"at_biz_dir","link":"https:\/\/patagoniambiental.com.ar\/info\/directory\/estacion-de-carga-de-vehiculos-electricos-en-plottier\/","title":{"rendered":"Estaci\u00f3n de carga de veh\u00edculos el\u00e9ctricos en Plottier"},"content":{"rendered":"<p>Una estaci\u00f3n de servicio de Plottier\u00a0<strong>coloc\u00f3 el primer cargador para veh\u00edculos el\u00e9ctricos.<\/strong>\u00a0Se trata de la YPF situada en el ingreso a la localidad.\u00a0<strong>Es el primer puesto de recarga que se instal\u00f3 en una convencional estaci\u00f3n de combustible de la provincia de Neuqu\u00e9n y la Patagonia.<\/strong><\/p>\n<p>La instalaci\u00f3n del dispositivo fue realizada por al empresa AlterEnergySAS y servir\u00e1 para abastecer de energ\u00eda el\u00e9ctrica a los primeros veh\u00edculos el\u00e9ctricos que circulan en la regi\u00f3n.<\/p>\n<p>El cargador El\u00e9ctrico es de marca AB, modelo EVLunic de 22 kW de potencia.<\/p>\n","protected":false},"author":8,"comment_status":"closed","ping_status":"closed","template":"","meta":{"site-sidebar-layout":"default","site-content-layout":"","ast-site-content-layout":"default","site-content-style":"default","site-sidebar-style":"default","ast-global-header-display":"","ast-banner-title-visibility":"","ast-main-header-display":"","ast-hfb-above-header-display":"","ast-hfb-below-header-display":"","ast-hfb-mobile-header-display":"","site-post-title":"","ast-breadcrumbs-content":"","ast-featured-img":"","footer-sml-layout":"","ast-disable-related-posts":"","theme-transparent-header-meta":"default","adv-header-id-meta":"","stick-header-meta":"","header-above-stick-meta":"","header-main-stick-meta":"","header-below-stick-meta":"","astra-migrate-meta-layouts":"set","ast-page-background-enabled":"default","ast-page-background-meta":{"desktop":{"background-color":"var(--ast-global-color-5)","background-image":"","background-repeat":"repeat","background-position":"center center","background-size":"auto","background-attachment":"scroll","background-type":"","background-media":"","overlay-type":"","overlay-color":"","overlay-opacity":"","overlay-gradient":""},"tablet":{"background-color":"","background-image":"","background-repeat":"repeat","background-position":"center center","background-size":"auto","background-attachment":"scroll","background-type":"","background-media":"","overlay-type":"","overlay-color":"","overlay-opacity":"","overlay-gradient":""},"mobile":{"background-color":"","background-image":"","background-repeat":"repeat","background-position":"center center","background-size":"auto","background-attachment":"scroll","background-type":"","background-media":"","overlay-type":"","overlay-color":"","overlay-opacity":"","overlay-gradient":""}},"ast-content-background-meta":{"desktop":{"background-color":"var(--ast-global-color-4)","background-image":"","background-repeat":"repeat","background-position":"center center","background-size":"auto","background-attachment":"scroll","background-type":"","background-media":"","overlay-type":"","overlay-color":"","overlay-opacity":"","overlay-gradient":""},"tablet":{"background-color":"var(--ast-global-color-4)","background-image":"","background-repeat":"repeat","background-position":"center center","background-size":"auto","background-attachment":"scroll","background-type":"","background-media":"","overlay-type":"","overlay-color":"","overlay-opacity":"","overlay-gradient":""},"mobile":{"background-color":"var(--ast-global-color-4)","background-image":"","background-repeat":"repeat","background-position":"center center","background-size":"auto","background-attachment":"scroll","background-type":"","background-media":"","overlay-type":"","overlay-color":"","overlay-opacity":"","overlay-gradient":""}}},"atbdp_listing_types":[3405],"at_biz_dir-category":[3495],"at_biz_dir-location":[3484,3483],"at_biz_dir-tags":[3496],"class_list":["post-95812","at_biz_dir","type-at_biz_dir","status-publish","has-post-thumbnail","hentry","atbdp_listing_types-business","at_biz_dir-category-electromovilidad","at_biz_dir-location-plottier","at_biz_dir-location-provincia-de-neuquen","at_biz_dir-tags-electromovilidad"],"yoast_head":"<!-- This site is optimized with the Yoast SEO Premium plugin v23.0 (Yoast SEO v27.4) - https:\/\/yoast.com\/product\/yoast-seo-premium-wordpress\/ -->\n<title>Estaci\u00f3n de carga de veh\u00edculos el\u00e9ctricos en Plottier - Patagonia Ambiental<\/title>\n<meta name=\"description\" content=\"Una estaci\u00f3n de servicio de Plottier\u00a0coloc\u00f3 el primer cargador para veh\u00edculos el\u00e9ctricos. Se trata de la YPF situada en el ingreso a la localidad.\" \/>\n<meta name=\"robots\" content=\"index, follow, max-snippet:-1, max-image-preview:large, max-video-preview:-1\" \/>\n<link rel=\"canonical\" href=\"https:\/\/patagoniambiental.com.ar\/info\/directory\/estacion-de-carga-de-vehiculos-electricos-en-plottier\/\" \/>\n<meta property=\"og:locale\" content=\"es_ES\" \/>\n<meta property=\"og:type\" content=\"article\" \/>\n<meta property=\"og:title\" content=\"Estaci\u00f3n de carga de veh\u00edculos el\u00e9ctricos en Plottier\" \/>\n<meta property=\"og:description\" content=\"Una estaci\u00f3n de servicio de Plottier\u00a0coloc\u00f3 el primer cargador para veh\u00edculos el\u00e9ctricos. Se trata de la YPF situada en el ingreso a la localidad.\" \/>\n<meta property=\"og:url\" content=\"https:\/\/patagoniambiental.com.ar\/info\/directory\/estacion-de-carga-de-vehiculos-electricos-en-plottier\/\" \/>\n<meta property=\"og:site_name\" content=\"Patagonia Ambiental\" \/>\n<meta property=\"article:publisher\" content=\"https:\/\/www.facebook.com\/patagonia.ambiental\" \/>\n<meta property=\"og:image\" content=\"https:\/\/patagoniambiental.com.ar\/info\/wp-content\/uploads\/2025\/05\/Imagen-punto-de-carga.webp\" \/>\n\t<meta property=\"og:image:width\" content=\"920\" \/>\n\t<meta property=\"og:image:height\" content=\"517\" \/>\n\t<meta property=\"og:image:type\" content=\"image\/webp\" \/>\n<meta name=\"twitter:card\" content=\"summary_large_image\" \/>\n<meta name=\"twitter:site\" content=\"@PatAmb\" \/>\n<script type=\"application\/ld+json\" class=\"yoast-schema-graph\">{\"@context\":\"https:\\\/\\\/schema.org\",\"@graph\":[{\"@type\":\"WebPage\",\"@id\":\"https:\\\/\\\/patagoniambiental.com.ar\\\/info\\\/directory\\\/estacion-de-carga-de-vehiculos-electricos-en-plottier\\\/\",\"url\":\"https:\\\/\\\/patagoniambiental.com.ar\\\/info\\\/directory\\\/estacion-de-carga-de-vehiculos-electricos-en-plottier\\\/\",\"name\":\"Estaci\u00f3n de carga de veh\u00edculos el\u00e9ctricos en Plottier - Patagonia Ambiental\",\"isPartOf\":{\"@id\":\"https:\\\/\\\/patagoniambiental.com.ar\\\/info\\\/#website\"},\"primaryImageOfPage\":{\"@id\":\"https:\\\/\\\/patagoniambiental.com.ar\\\/info\\\/directory\\\/estacion-de-carga-de-vehiculos-electricos-en-plottier\\\/#primaryimage\"},\"image\":{\"@id\":\"https:\\\/\\\/patagoniambiental.com.ar\\\/info\\\/directory\\\/estacion-de-carga-de-vehiculos-electricos-en-plottier\\\/#primaryimage\"},\"thumbnailUrl\":\"https:\\\/\\\/patagoniambiental.com.ar\\\/info\\\/wp-content\\\/uploads\\\/2025\\\/05\\\/Imagen-punto-de-carga.webp\",\"datePublished\":\"2025-06-01T00:56:31+00:00\",\"description\":\"Una estaci\u00f3n de servicio de Plottier\u00a0coloc\u00f3 el primer cargador para veh\u00edculos el\u00e9ctricos. Se trata de la YPF situada en el ingreso a la localidad.\",\"breadcrumb\":{\"@id\":\"https:\\\/\\\/patagoniambiental.com.ar\\\/info\\\/directory\\\/estacion-de-carga-de-vehiculos-electricos-en-plottier\\\/#breadcrumb\"},\"inLanguage\":\"es\",\"potentialAction\":[{\"@type\":\"ReadAction\",\"target\":[\"https:\\\/\\\/patagoniambiental.com.ar\\\/info\\\/directory\\\/estacion-de-carga-de-vehiculos-electricos-en-plottier\\\/\"]}]},{\"@type\":\"ImageObject\",\"inLanguage\":\"es\",\"@id\":\"https:\\\/\\\/patagoniambiental.com.ar\\\/info\\\/directory\\\/estacion-de-carga-de-vehiculos-electricos-en-plottier\\\/#primaryimage\",\"url\":\"https:\\\/\\\/patagoniambiental.com.ar\\\/info\\\/wp-content\\\/uploads\\\/2025\\\/05\\\/Imagen-punto-de-carga.webp\",\"contentUrl\":\"https:\\\/\\\/patagoniambiental.com.ar\\\/info\\\/wp-content\\\/uploads\\\/2025\\\/05\\\/Imagen-punto-de-carga.webp\",\"width\":920,\"height\":517,\"caption\":\"Punto de carga en Plottier - Directorio Ambiental\"},{\"@type\":\"BreadcrumbList\",\"@id\":\"https:\\\/\\\/patagoniambiental.com.ar\\\/info\\\/directory\\\/estacion-de-carga-de-vehiculos-electricos-en-plottier\\\/#breadcrumb\",\"itemListElement\":[{\"@type\":\"ListItem\",\"position\":1,\"name\":\"Inicio\",\"item\":\"https:\\\/\\\/patagoniambiental.com.ar\\\/info\\\/\"},{\"@type\":\"ListItem\",\"position\":2,\"name\":\"Estaci\u00f3n de carga de veh\u00edculos el\u00e9ctricos en Plottier\"}]},{\"@type\":\"WebSite\",\"@id\":\"https:\\\/\\\/patagoniambiental.com.ar\\\/info\\\/#website\",\"url\":\"https:\\\/\\\/patagoniambiental.com.ar\\\/info\\\/\",\"name\":\"Patagonia Ambiental\",\"description\":\"Monitoreo y an\u00e1lisis de la situaci\u00f3n geopol\u00edtica en el mundo y su implicancia en la Patagonia\",\"publisher\":{\"@id\":\"https:\\\/\\\/patagoniambiental.com.ar\\\/info\\\/#organization\"},\"potentialAction\":[{\"@type\":\"SearchAction\",\"target\":{\"@type\":\"EntryPoint\",\"urlTemplate\":\"https:\\\/\\\/patagoniambiental.com.ar\\\/info\\\/?s={search_term_string}\"},\"query-input\":{\"@type\":\"PropertyValueSpecification\",\"valueRequired\":true,\"valueName\":\"search_term_string\"}}],\"inLanguage\":\"es\"},{\"@type\":\"Organization\",\"@id\":\"https:\\\/\\\/patagoniambiental.com.ar\\\/info\\\/#organization\",\"name\":\"Patagonia Ambiental\",\"url\":\"https:\\\/\\\/patagoniambiental.com.ar\\\/info\\\/\",\"logo\":{\"@type\":\"ImageObject\",\"inLanguage\":\"es\",\"@id\":\"https:\\\/\\\/patagoniambiental.com.ar\\\/info\\\/#\\\/schema\\\/logo\\\/image\\\/\",\"url\":\"https:\\\/\\\/patagoniambiental.com.ar\\\/info\\\/wp-content\\\/uploads\\\/2025\\\/05\\\/LOGO-PATAGONIA-AMBIENTAL.png\",\"contentUrl\":\"https:\\\/\\\/patagoniambiental.com.ar\\\/info\\\/wp-content\\\/uploads\\\/2025\\\/05\\\/LOGO-PATAGONIA-AMBIENTAL.png\",\"width\":433,\"height\":250,\"caption\":\"Patagonia Ambiental\"},\"image\":{\"@id\":\"https:\\\/\\\/patagoniambiental.com.ar\\\/info\\\/#\\\/schema\\\/logo\\\/image\\\/\"},\"sameAs\":[\"https:\\\/\\\/www.facebook.com\\\/patagonia.ambiental\",\"https:\\\/\\\/x.com\\\/PatAmb\"]}]}<\/script>\n<!-- \/ Yoast SEO Premium plugin. -->","yoast_head_json":{"title":"Estaci\u00f3n de carga de veh\u00edculos el\u00e9ctricos en Plottier - Patagonia Ambiental","description":"Una estaci\u00f3n de servicio de Plottier\u00a0coloc\u00f3 el primer cargador para veh\u00edculos el\u00e9ctricos. Se trata de la YPF situada en el ingreso a la localidad.","robots":{"index":"index","follow":"follow","max-snippet":"max-snippet:-1","max-image-preview":"max-image-preview:large","max-video-preview":"max-video-preview:-1"},"canonical":"https:\/\/patagoniambiental.com.ar\/info\/directory\/estacion-de-carga-de-vehiculos-electricos-en-plottier\/","og_locale":"es_ES","og_type":"article","og_title":"Estaci\u00f3n de carga de veh\u00edculos el\u00e9ctricos en Plottier","og_description":"Una estaci\u00f3n de servicio de Plottier\u00a0coloc\u00f3 el primer cargador para veh\u00edculos el\u00e9ctricos. Se trata de la YPF situada en el ingreso a la localidad.","og_url":"https:\/\/patagoniambiental.com.ar\/info\/directory\/estacion-de-carga-de-vehiculos-electricos-en-plottier\/","og_site_name":"Patagonia Ambiental","article_publisher":"https:\/\/www.facebook.com\/patagonia.ambiental","og_image":[{"width":920,"height":517,"url":"https:\/\/patagoniambiental.com.ar\/info\/wp-content\/uploads\/2025\/05\/Imagen-punto-de-carga.webp","type":"image\/webp"}],"twitter_card":"summary_large_image","twitter_site":"@PatAmb","schema":{"@context":"https:\/\/schema.org","@graph":[{"@type":"WebPage","@id":"https:\/\/patagoniambiental.com.ar\/info\/directory\/estacion-de-carga-de-vehiculos-electricos-en-plottier\/","url":"https:\/\/patagoniambiental.com.ar\/info\/directory\/estacion-de-carga-de-vehiculos-electricos-en-plottier\/","name":"Estaci\u00f3n de carga de veh\u00edculos el\u00e9ctricos en Plottier - Patagonia Ambiental","isPartOf":{"@id":"https:\/\/patagoniambiental.com.ar\/info\/#website"},"primaryImageOfPage":{"@id":"https:\/\/patagoniambiental.com.ar\/info\/directory\/estacion-de-carga-de-vehiculos-electricos-en-plottier\/#primaryimage"},"image":{"@id":"https:\/\/patagoniambiental.com.ar\/info\/directory\/estacion-de-carga-de-vehiculos-electricos-en-plottier\/#primaryimage"},"thumbnailUrl":"https:\/\/patagoniambiental.com.ar\/info\/wp-content\/uploads\/2025\/05\/Imagen-punto-de-carga.webp","datePublished":"2025-06-01T00:56:31+00:00","description":"Una estaci\u00f3n de servicio de Plottier\u00a0coloc\u00f3 el primer cargador para veh\u00edculos el\u00e9ctricos. Se trata de la YPF situada en el ingreso a la localidad.","breadcrumb":{"@id":"https:\/\/patagoniambiental.com.ar\/info\/directory\/estacion-de-carga-de-vehiculos-electricos-en-plottier\/#breadcrumb"},"inLanguage":"es","potentialAction":[{"@type":"ReadAction","target":["https:\/\/patagoniambiental.com.ar\/info\/directory\/estacion-de-carga-de-vehiculos-electricos-en-plottier\/"]}]},{"@type":"ImageObject","inLanguage":"es","@id":"https:\/\/patagoniambiental.com.ar\/info\/directory\/estacion-de-carga-de-vehiculos-electricos-en-plottier\/#primaryimage","url":"https:\/\/patagoniambiental.com.ar\/info\/wp-content\/uploads\/2025\/05\/Imagen-punto-de-carga.webp","contentUrl":"https:\/\/patagoniambiental.com.ar\/info\/wp-content\/uploads\/2025\/05\/Imagen-punto-de-carga.webp","width":920,"height":517,"caption":"Punto de carga en Plottier - Directorio Ambiental"},{"@type":"BreadcrumbList","@id":"https:\/\/patagoniambiental.com.ar\/info\/directory\/estacion-de-carga-de-vehiculos-electricos-en-plottier\/#breadcrumb","itemListElement":[{"@type":"ListItem","position":1,"name":"Inicio","item":"https:\/\/patagoniambiental.com.ar\/info\/"},{"@type":"ListItem","position":2,"name":"Estaci\u00f3n de carga de veh\u00edculos el\u00e9ctricos en Plottier"}]},{"@type":"WebSite","@id":"https:\/\/patagoniambiental.com.ar\/info\/#website","url":"https:\/\/patagoniambiental.com.ar\/info\/","name":"Patagonia Ambiental","description":"Monitoreo y an\u00e1lisis de la situaci\u00f3n geopol\u00edtica en el mundo y su implicancia en la Patagonia","publisher":{"@id":"https:\/\/patagoniambiental.com.ar\/info\/#organization"},"potentialAction":[{"@type":"SearchAction","target":{"@type":"EntryPoint","urlTemplate":"https:\/\/patagoniambiental.com.ar\/info\/?s={search_term_string}"},"query-input":{"@type":"PropertyValueSpecification","valueRequired":true,"valueName":"search_term_string"}}],"inLanguage":"es"},{"@type":"Organization","@id":"https:\/\/patagoniambiental.com.ar\/info\/#organization","name":"Patagonia Ambiental","url":"https:\/\/patagoniambiental.com.ar\/info\/","logo":{"@type":"ImageObject","inLanguage":"es","@id":"https:\/\/patagoniambiental.com.ar\/info\/#\/schema\/logo\/image\/","url":"https:\/\/patagoniambiental.com.ar\/info\/wp-content\/uploads\/2025\/05\/LOGO-PATAGONIA-AMBIENTAL.png","contentUrl":"https:\/\/patagoniambiental.com.ar\/info\/wp-content\/uploads\/2025\/05\/LOGO-PATAGONIA-AMBIENTAL.png","width":433,"height":250,"caption":"Patagonia Ambiental"},"image":{"@id":"https:\/\/patagoniambiental.com.ar\/info\/#\/schema\/logo\/image\/"},"sameAs":["https:\/\/www.facebook.com\/patagonia.ambiental","https:\/\/x.com\/PatAmb"]}]}},"_links":{"self":[{"href":"https:\/\/patagoniambiental.com.ar\/info\/wp-json\/wp\/v2\/at_biz_dir\/95812","targetHints":{"allow":["GET"]}}],"collection":[{"href":"https:\/\/patagoniambiental.com.ar\/info\/wp-json\/wp\/v2\/at_biz_dir"}],"about":[{"href":"https:\/\/patagoniambiental.com.ar\/info\/wp-json\/wp\/v2\/types\/at_biz_dir"}],"author":[{"embeddable":true,"href":"https:\/\/patagoniambiental.com.ar\/info\/wp-json\/wp\/v2\/users\/8"}],"replies":[{"embeddable":true,"href":"https:\/\/patagoniambiental.com.ar\/info\/wp-json\/wp\/v2\/comments?post=95812"}],"wp:featuredmedia":[{"embeddable":true,"href":"https:\/\/patagoniambiental.com.ar\/info\/wp-json\/wp\/v2\/media\/95813"}],"wp:attachment":[{"href":"https:\/\/patagoniambiental.com.ar\/info\/wp-json\/wp\/v2\/media?parent=95812"}],"wp:term":[{"taxonomy":"atbdp_listing_types","embeddable":true,"href":"https:\/\/patagoniambiental.com.ar\/info\/wp-json\/wp\/v2\/atbdp_listing_types?post=95812"},{"taxonomy":"at_biz_dir-category","embeddable":true,"href":"https:\/\/patagoniambiental.com.ar\/info\/wp-json\/wp\/v2\/at_biz_dir-category?post=95812"},{"taxonomy":"at_biz_dir-location","embeddable":true,"href":"https:\/\/patagoniambiental.com.ar\/info\/wp-json\/wp\/v2\/at_biz_dir-location?post=95812"},{"taxonomy":"at_biz_dir-tags","embeddable":true,"href":"https:\/\/patagoniambiental.com.ar\/info\/wp-json\/wp\/v2\/at_biz_dir-tags?post=95812"}],"curies":[{"name":"wp","href":"https:\/\/api.w.org\/{rel}","templated":true}]}}